{"id":620,"date":"2016-04-07T10:03:02","date_gmt":"2016-04-07T13:03:02","guid":{"rendered":"http:\/\/216.172.173.38\/~floresta\/transparencia\/licitacoes-2\/2011-2\/"},"modified":"2025-04-01T13:54:31","modified_gmt":"2025-04-01T16:54:31","slug":"2011-2","status":"publish","type":"page","link":"https:\/\/florestan.org.br\/transparencia\/licitacoes\/2011-2\/","title":{"rendered":"2011"},"content":{"rendered":"<div class=\"wpcmsdev-tabs\">\n<div class=\"tab\">\n<h3 class=\"tab-title\" data-tab-id=\"jan\">Jan<\/h3>\n<div id=\"tab-jan\" class=\"tab-content\">\n<table border=\"1\" cellspacing=\"0\" cellpadding=\"0\">\n<colgroup>\n<col width=\"128\" \/>\n<col width=\"196\" \/>\n<col width=\"246\" \/>\n<col width=\"202\" \/>\n<col width=\"129\" \/>\n<col width=\"123\" \/>\n<col width=\"215\" \/><\/colgroup>\n<tbody>\n<tr>\n<td width=\"128\" height=\"84\">N\u00ba. PROCESSO<\/td>\n<td width=\"196\">TIPO DE LICITA\u00c7\u00c3O<\/td>\n<td width=\"246\">OBJETO<\/td>\n<td width=\"202\">CREDOR<\/td>\n<td width=\"129\">ORIGEM<\/td>\n<td width=\"123\">VIG\u00caNCIA<\/td>\n<td width=\"215\">DATA DA PUBLICA\u00c7\u00c3O<\/td>\n<\/tr>\n<tr>\n<td height=\"40\">37\/09<\/td>\n<td width=\"196\">Inexigibilidade<\/td>\n<td width=\"246\">Contrato de manuten\u00e7\u00e3o do Rel\u00f3gio\u00a0 de ponto<\/td>\n<td width=\"202\">Madis Rodbel Solu\u00e7\u00f5es de Ponto e Acesso Ltda.<\/td>\n<td width=\"129\">Aditivo para prorroga\u00e7\u00e3o<\/td>\n<td width=\"123\">01\/01\/2011 a 31\/12\/2011<\/td>\n<td width=\"215\">Aditivo -09\/02\/2011 &#8211; Di\u00e1rio Regional<\/td>\n<\/tr>\n<tr>\n<td height=\"40\">030\/08<\/td>\n<td width=\"196\">Dispensa de Licita\u00e7\u00e3o<\/td>\n<td width=\"246\">Contrata\u00e7\u00e3o de Internet Acesso R\u00e1pido<\/td>\n<td width=\"202\">Terra Networks Brasil S\/A<\/td>\n<td width=\"129\">Aditivo para prorroga\u00e7\u00e3o<\/td>\n<td width=\"123\">01\/01\/2011 a 31\/12\/2011<\/td>\n<td width=\"215\">Aditivo -09\/02\/2011 &#8211; Di\u00e1rio Regional<\/td>\n<\/tr>\n<tr>\n<td width=\"128\" height=\"63\">100\/09<\/td>\n<td width=\"196\">Inexigibilidade<\/td>\n<td width=\"246\">Presta\u00e7\u00e3o de Servi\u00e7os de Publicidade Legal \u2013 Sistema Pubnet<\/td>\n<td width=\"202\">Imprensa Oficial do Estado de S\u00e3o Paulo S\/A \u2013 IMESP<\/td>\n<td width=\"129\">Aditivo para prorroga\u00e7\u00e3o<\/td>\n<td width=\"123\">01\/01\/2011 a 31\/12\/2011<\/td>\n<td width=\"215\">Aditivo -09\/02\/2011 &#8211; Di\u00e1rio Regional<\/td>\n<\/tr>\n<tr>\n<td height=\"260\">007\/10<\/td>\n<td width=\"196\">Carta Convite<\/td>\n<td width=\"246\">Contrata\u00e7\u00e3o de um Profissional para ministrar oficinas \/ cursos \/ na Linguagem do AUDIOVISUAL para professores, educadores e coordenadores da rede municipal e dos Programas e Projetos da Secretaria da Educa\u00e7\u00e3o, com perfil para desenvolver as atividades em acordo com as concep\u00e7\u00f5es contidas na Proposta Curricular das Escolas Municipais de Diadema<\/td>\n<td width=\"202\">Diaulas Ullysses Mercedes<\/td>\n<td width=\"129\">Contrato n\u00ba. 012\/10<\/td>\n<td width=\"123\">01\/01\/2011 a 15\/09\/2011<\/td>\n<td width=\"215\">Aditivo -09\/02\/2011 &#8211; Di\u00e1rio Regional<\/td>\n<\/tr>\n<tr>\n<td height=\"160\">008\/10<\/td>\n<td width=\"196\">Inexigibilidade<\/td>\n<td width=\"246\">Contrata\u00e7\u00e3o de um Profissional para ministrar oficinas \/ cursos \/ na Linguagem da ARTE POPULAR para professores, educadores e coordenadores da rede municipal e dos Programas e Projetos da Secretaria da Educa\u00e7\u00e3o<\/td>\n<td width=\"202\">Ricardo Amadasi<\/td>\n<td width=\"129\">Contrato n\u00ba. 009\/2010<\/td>\n<td width=\"123\">01\/01\/2011 a 08\/09\/2011<\/td>\n<td width=\"215\">Aditivo -09\/02\/2011 &#8211; Di\u00e1rio Regional<\/td>\n<\/tr>\n<tr>\n<td height=\"160\">010\/10<\/td>\n<td width=\"196\">Carta Convite<\/td>\n<td width=\"246\">Contrata\u00e7\u00e3o de um Profissional para ministrar cursos \/ oficinas na Linguagem da m\u00fasica na modalidade CANTO CORAL para educadores e alunos vinculados \u00e1s escolas, programas e aos projetos da Secretaria de Educa\u00e7\u00e3o<\/td>\n<td width=\"202\">Ana Paula Guimar\u00e3es Silva<\/td>\n<td width=\"129\">Contrato n\u00ba. 015\/2010<\/td>\n<td width=\"123\">01\/01\/2011 a 18\/09\/2011<\/td>\n<td width=\"215\">Aditivo -09\/02\/2011 &#8211; Di\u00e1rio Regional<\/td>\n<\/tr>\n<tr>\n<td height=\"140\">011\/10<\/td>\n<td width=\"196\">Carta Convite<\/td>\n<td width=\"246\">Contrata\u00e7\u00e3o de um Profissional para ministrar cursos \/ oficinas em ARTE EDUCA\u00c7\u00c3O\u00a0 para educadores e alunos vinculados \u00e1s escolas, programas e aos projetos da Secretaria de Educa\u00e7\u00e3o<\/td>\n<td width=\"202\">Jorge Luis Vargas Gaitan<\/td>\n<td width=\"129\">Contrato n\u00ba. 010\/2010<\/td>\n<td width=\"123\">01\/01\/2011 a 14\/09\/2011<\/td>\n<td width=\"215\">Aditivo -09\/02\/2011 &#8211; Di\u00e1rio Regional<\/td>\n<\/tr>\n<tr>\n<td height=\"140\">012\/10<\/td>\n<td width=\"196\">Carta Convite<\/td>\n<td width=\"246\">Contrata\u00e7\u00e3o de um Profissional para ministrar cursos \/ oficinas na linguagem da ARTE DIGITAL para educadores e alunos vinculados \u00e1s escolas, programas e aos projetos da Secretaria de Educa\u00e7\u00e3o<\/td>\n<td width=\"202\">Maria Cec\u00edlia Espinosa de Querioz<\/td>\n<td width=\"129\">Contrato n\u00ba. 014\/2010<\/td>\n<td width=\"123\">01\/01\/2011 a 15\/09\/2011<\/td>\n<td width=\"215\">Aditivo -09\/02\/2011 &#8211; Di\u00e1rio Regional<\/td>\n<\/tr>\n<tr>\n<td height=\"160\">014\/10<\/td>\n<td width=\"196\">Carta Convite<\/td>\n<td width=\"246\">Contrata\u00e7\u00e3o de um Profissional para ministrar cursos \/ oficinas na linguagem da M\u00daSICA NA MODALIDADE TEORIA DA M\u00daSICA para educadores e alunos vinculados \u00e1s escolas, programas e aos projetos da Secretaria de Educa\u00e7\u00e3o<\/td>\n<td width=\"202\">Dalton Celso Martins Soares<\/td>\n<td width=\"129\">Contrato n\u00ba. 013\/2010<\/td>\n<td width=\"123\">01\/01\/2011 a 15\/09\/2011<\/td>\n<td width=\"215\">Aditivo -09\/02\/2011 &#8211; Di\u00e1rio Regional<\/td>\n<\/tr>\n<tr>\n<td height=\"160\">015\/10<\/td>\n<td width=\"196\">Carta Convite<\/td>\n<td width=\"246\">Contrata\u00e7\u00e3o de um Profissional para ministrar cursos \/ oficinas na linguagem CONFEC\u00c7\u00c3O DE MOSAICO COM MATERIAL RECICL\u00c1VEL para educadores e alunos vinculados \u00e1s escolas, programas e aos projetos da Secretaria de Educa\u00e7\u00e3o<\/td>\n<td width=\"202\">Edmilson de Morais<\/td>\n<td width=\"129\">Contrato n\u00ba. 006\/2010<\/td>\n<td width=\"123\">01\/01\/2011 a 07\/09\/2011<\/td>\n<td width=\"215\">Aditivo -09\/02\/2011 &#8211; Di\u00e1rio Regional<\/td>\n<\/tr>\n<tr>\n<td height=\"180\">016\/10<\/td>\n<td width=\"196\">Carta Convite<\/td>\n<td width=\"246\">Contrata\u00e7\u00e3o de um Profissional para ministrar cursos \/ oficinas na linguagem do ARTESANATO COM MATERIAL RECICL\u00c1VEL para educadores e alunos vinculados \u00e1s escolas, programas e aos projetos da Secretaria de Educa\u00e7\u00e3o<\/td>\n<td width=\"202\">Pedro Miranda Batista de Almeida<\/td>\n<td width=\"129\">Contrato n\u00ba. 005\/2010<\/td>\n<td width=\"123\">01\/01\/2011 a 05\/09\/2011<\/td>\n<td width=\"215\">Aditivo -09\/02\/2011 &#8211; Di\u00e1rio Regional<\/td>\n<\/tr>\n<tr>\n<td height=\"140\">017\/10<\/td>\n<td width=\"196\">Carta Convite<\/td>\n<td width=\"246\">Contrata\u00e7\u00e3o de um formador na \u00e1rea da gest\u00e3o pedag\u00f3gica para a Equipe de Profissionais do Departamento de Forma\u00e7\u00e3o e Acompanhamento Pedag\u00f3gico e professores da rede municipal<\/td>\n<td width=\"202\">Alfredina Nery<\/td>\n<td width=\"129\">Contrato n\u00ba. 016\/2010<\/td>\n<td width=\"123\">01\/01\/2011 a 26\/09\/2011<\/td>\n<td width=\"215\">Aditivo -09\/02\/2011 &#8211; Di\u00e1rio Regional<\/td>\n<\/tr>\n<tr>\n<td height=\"160\">018\/10<\/td>\n<td width=\"196\">Carta Convite<\/td>\n<td width=\"246\">Contrata\u00e7\u00e3o de um Profissional para ministrar cursos \/ oficinas na linguagem HIST\u00d3RIA E CULTURA DO HIP HOP para educadores e alunos vinculados \u00e1s escolas, programas e aos projetos da Secretaria de Educa\u00e7\u00e3o<\/td>\n<td width=\"202\">Wilson Roberto Levy<\/td>\n<td width=\"129\">Contrato n\u00ba. 011\/2010<\/td>\n<td width=\"123\">01\/01\/2011 a 14\/09\/2011<\/td>\n<td width=\"215\">Aditivo -09\/02\/2011 &#8211; Di\u00e1rio Regional<\/td>\n<\/tr>\n<tr>\n<td height=\"60\">035\/10<\/td>\n<td width=\"196\">Carta Convite<\/td>\n<td width=\"246\">Contrata\u00e7\u00e3o de servi\u00e7os de assessoria em L\u00edngua Brasileira de Sinais &#8211; LIBRA<\/td>\n<td width=\"202\">LBRS Cursos e Treinamentos Ltda.<\/td>\n<td width=\"129\">Contrato n\u00ba. 023\/2010<\/td>\n<td width=\"123\">01\/01\/2011 a 22\/05\/2011<\/td>\n<td width=\"215\">Aditivo -09\/02\/2011 &#8211; Di\u00e1rio Regional<\/td>\n<\/tr>\n<tr>\n<td height=\"100\">037\/10<\/td>\n<td width=\"196\">Carta Convite<\/td>\n<td width=\"246\">Contrata\u00e7\u00e3o de empresa especializada para assessorar os professores na forma\u00e7\u00e3o de educa\u00e7\u00e3o de jovens e adultos (EJA)<\/td>\n<td width=\"202\">Editora Afid Ltda-ME<\/td>\n<td width=\"129\">Contrato n\u00ba. 025\/2010<\/td>\n<td width=\"123\">01\/01\/2011 a 17\/05\/2011<\/td>\n<td width=\"215\">Aditivo -09\/02\/2011 &#8211; Di\u00e1rio Regional<\/td>\n<\/tr>\n<tr>\n<td height=\"100\">152\/09<\/td>\n<td width=\"196\">Preg\u00e3o<\/td>\n<td width=\"246\">Contrata\u00e7\u00e3o de empresa jornal\u00edstica para presta\u00e7\u00e3o de servi\u00e7os de publica\u00e7\u00e3o dos atos oficiais da Funda\u00e7\u00e3o Florestan Fernandes<\/td>\n<td width=\"202\">Grupo ABCD de Jornais Ltda<\/td>\n<td width=\"129\">Contrato n\u00ba. 003\/2011<\/td>\n<td width=\"123\">01\/01\/2011 a 31\/12\/2011<\/td>\n<td width=\"215\">Contrato -11\/02\/2011 \u2013 Imprensa Oficial do Estado de SP \u2013 Poder Executivo<\/td>\n<\/tr>\n<tr>\n<td height=\"100\">058\/10<\/td>\n<td width=\"196\">Carta Convite<\/td>\n<td width=\"246\">Contrata\u00e7\u00e3o de advogado para presta\u00e7\u00e3o de servi\u00e7os de assist\u00eancia e assessoria jur\u00eddica nos diversos segmentos do direito<\/td>\n<td width=\"202\">Humberto Aparecido Domingues<\/td>\n<td width=\"129\">Contrato n\u00ba. 004\/2011<\/td>\n<td width=\"123\">01\/01\/2011 a 31\/12\/2011<\/td>\n<td width=\"215\">Contrato -09\/02\/2011 &#8211; Di\u00e1rio Regional<\/td>\n<\/tr>\n<tr>\n<td height=\"100\">061\/10<\/td>\n<td width=\"196\">Carta Convite<\/td>\n<td width=\"246\">Contrata\u00e7\u00e3o de empresa especializada para fornecimento de combust\u00edvel para a Funda\u00e7\u00e3o Florestan Fernandes<\/td>\n<td width=\"202\">Posto de Servi\u00e7os Orense Ltda<\/td>\n<td width=\"129\">Contrato n\u00ba. 001\/2011<\/td>\n<td width=\"123\">01\/01\/2011 a 31\/12\/2011<\/td>\n<td width=\"215\">Contrato -09\/02\/2011 &#8211; Di\u00e1rio Regional<\/td>\n<\/tr>\n<tr>\n<td height=\"80\">062\/10<\/td>\n<td width=\"196\">Carta Convite<\/td>\n<td width=\"246\">Contrata\u00e7\u00e3o de empresa especializada para confec\u00e7\u00e3o e instala\u00e7\u00e3o de faixas e banners de divulga\u00e7\u00e3o<\/td>\n<td width=\"202\">Casa da Arte Comunica\u00e7\u00e3o Visual Servi\u00e7os Ltda.<\/td>\n<td width=\"129\">Contrato n\u00ba. 002\/2011<\/td>\n<td width=\"123\">01\/01\/2011 a 31\/12\/2011<\/td>\n<td width=\"215\">Contrato -09\/02\/2011 &#8211; Di\u00e1rio Regional<\/td>\n<\/tr>\n<\/tbody>\n<\/table>\n<\/div>\n<\/div>\n<div class=\"tab\">\n<h3 class=\"tab-title\" data-tab-id=\"fev\">Fev<\/h3>\n<div id=\"tab-fev\" class=\"tab-content\">\n<table border=\"1\" cellspacing=\"0\" cellpadding=\"0\">\n<colgroup>\n<col width=\"128\" \/>\n<col width=\"196\" \/>\n<col width=\"246\" \/>\n<col width=\"202\" \/>\n<col width=\"129\" \/>\n<col width=\"123\" \/>\n<col width=\"215\" \/><\/colgroup>\n<tbody>\n<tr>\n<td width=\"128\" height=\"108\">N\u00ba. PROCESSO<\/td>\n<td width=\"196\">TIPO DE LICITA\u00c7\u00c3O<\/td>\n<td width=\"246\">OBJETO<\/td>\n<td width=\"202\">CREDOR<\/td>\n<td width=\"129\">ORIGEM<\/td>\n<td width=\"123\">VIG\u00caNCIA<\/td>\n<td width=\"215\">DATA DA PUBLICA\u00c7\u00c3O<\/td>\n<\/tr>\n<tr>\n<td height=\"140\">001\/11<\/td>\n<td width=\"196\">Dispensa de Licita\u00e7\u00e3o<\/td>\n<td width=\"246\">Contrata\u00e7\u00e3o de empresa especializada para fornecimento de materiais para manuten\u00e7\u00e3o<\/td>\n<td width=\"202\">Disc Alda Mats. P\/ Constru\u00e7\u00e3o Ltda \u2013 R$ 1.091,44 \/ Miguel Ardito Neto Ferragens ME \u2013 R$ 4.808,92 \/ Zona Leste Andaimes Ltda ME \u2013 R$ 1.024,00<\/td>\n<td width=\"129\"><\/td>\n<td width=\"123\">18\/02\/11<\/td>\n<td width=\"215\"><\/td>\n<\/tr>\n<tr>\n<td height=\"60\">002\/11<\/td>\n<td width=\"196\">Dispensa de Licita\u00e7\u00e3o<\/td>\n<td width=\"246\">Contrata\u00e7\u00e3o de empresa especializada na loca\u00e7\u00e3o de cadeiras.<\/td>\n<td width=\"202\">Arca Loca\u00e7\u00e3o e Com\u00e9rcio de Artigos para Festas Ltda EPP<\/td>\n<td width=\"129\"><\/td>\n<td width=\"123\">07\/02\/11<\/td>\n<td width=\"215\"><\/td>\n<\/tr>\n<tr>\n<td height=\"160\">004\/11<\/td>\n<td width=\"196\">PREG\u00c3O<\/td>\n<td width=\"246\">Aquisi\u00e7\u00e3o de ve\u00edculo popular<\/td>\n<td width=\"202\">Fiat Autom\u00f3veis S\/A<\/td>\n<td width=\"129\"><\/td>\n<td width=\"123\">06\/04\/11<\/td>\n<td width=\"215\">Aviso de licita\u00e7\u00e3o:\u00a0 18\/03\/2011- Imprensa Oficial do Estado de SP \u2013 Poder Executivo \/ Homologa\u00e7\u00e3o e Adjudica\u00e7\u00e3o: 06\/04\/2011 Imprensa Oficial do Estado de SP &#8211; Poder Executivo<\/td>\n<\/tr>\n<tr>\n<td height=\"40\">50\/09<\/td>\n<td width=\"196\">Inexigibilidade<\/td>\n<td width=\"246\">Manuten\u00e7\u00e3o e Conserva\u00e7\u00e3o de Elevadores<\/td>\n<td width=\"202\">Elevadores Atlas Schindler SA<\/td>\n<td width=\"129\">Aditivo para prorroga\u00e7\u00e3o<\/td>\n<td width=\"123\">17\/02\/2011 a 17\/02\/2012<\/td>\n<td width=\"215\">Aditivo: 05\/05\/2011 &#8211; Di\u00e1rio Regional de Diadema<\/td>\n<\/tr>\n<\/tbody>\n<\/table>\n<\/div>\n<\/div>\n<div class=\"tab\">\n<h3 class=\"tab-title\" data-tab-id=\"mar\">Mar<\/h3>\n<div id=\"tab-mar\" class=\"tab-content\">\n<table border=\"1\" cellspacing=\"0\" cellpadding=\"0\">\n<colgroup>\n<col width=\"128\" \/>\n<col width=\"196\" \/>\n<col width=\"246\" \/>\n<col width=\"202\" \/>\n<col width=\"129\" \/>\n<col width=\"123\" \/>\n<col width=\"215\" \/><\/colgroup>\n<tbody>\n<tr>\n<td width=\"128\" height=\"108\">N\u00ba. PROCESSO<\/td>\n<td width=\"196\">TIPO DE LICITA\u00c7\u00c3O<\/td>\n<td width=\"246\">OBJETO<\/td>\n<td width=\"202\">CREDOR<\/td>\n<td width=\"129\">ORIGEM<\/td>\n<td width=\"123\">VIG\u00caNCIA<\/td>\n<td width=\"215\">DATA DA PUBLICA\u00c7\u00c3O<\/td>\n<\/tr>\n<tr>\n<td width=\"128\" height=\"126\">008\/11<\/td>\n<td width=\"196\">Dispensa de Licita\u00e7\u00e3o<\/td>\n<td>Contrata\u00e7\u00e3o de empresa especializada para fornecimento de materiais para cursos na \u00e1rea de gastronomia \u2013 g\u00eaneros aliment\u00edcios<\/td>\n<td width=\"202\">Comercial Chocol\u00e2ndia Ltda<\/td>\n<td width=\"129\"><\/td>\n<td width=\"123\">29\/03\/11<\/td>\n<td width=\"215\"><\/td>\n<\/tr>\n<tr>\n<td height=\"60\">001\/10<\/td>\n<td width=\"196\">Carta Convite<\/td>\n<td width=\"246\">Contrata\u00e7\u00e3o de um profissional especializado para presta\u00e7\u00e3o de servi\u00e7os ma \u00e1rea cont\u00e1bil<\/td>\n<td width=\"202\">Maria Cristina Brito Nobre Caputo<\/td>\n<td width=\"129\">2\u00aa Termo Aditivo de Valor<\/td>\n<td width=\"123\">08\/03\/2011 a 06\/03\/2012<\/td>\n<td width=\"215\">Aditivo: 05\/05\/2011 &#8211; Di\u00e1rio Regional de Diadema<\/td>\n<\/tr>\n<\/tbody>\n<\/table>\n<\/div>\n<\/div>\n<div class=\"tab\">\n<h3 class=\"tab-title\" data-tab-id=\"abr\">Abr<\/h3>\n<div id=\"tab-abr\" class=\"tab-content\">\n<table border=\"1\" cellspacing=\"0\" cellpadding=\"0\">\n<colgroup>\n<col width=\"128\" \/>\n<col width=\"196\" \/>\n<col width=\"246\" \/>\n<col width=\"202\" \/>\n<col width=\"129\" \/>\n<col width=\"123\" \/>\n<col width=\"215\" \/><\/colgroup>\n<tbody>\n<tr>\n<td width=\"128\" height=\"108\">N\u00ba. PROCESSO<\/td>\n<td width=\"196\">TIPO DE LICITA\u00c7\u00c3O<\/td>\n<td width=\"246\">OBJETO<\/td>\n<td width=\"202\">CREDOR<\/td>\n<td width=\"129\">ORIGEM<\/td>\n<td width=\"123\">VIG\u00caNCIA<\/td>\n<td width=\"215\">DATA DA PUBLICA\u00c7\u00c3O<\/td>\n<\/tr>\n<tr>\n<td height=\"17\"><\/td>\n<td><\/td>\n<td><\/td>\n<td><\/td>\n<td><\/td>\n<td><\/td>\n<td><\/td>\n<\/tr>\n<tr>\n<td width=\"128\" height=\"168\">005\/11<\/td>\n<td width=\"196\">Carta Convite<\/td>\n<td>Contrata\u00e7\u00e3o de um profissional para ministrar cursos\/oficinas na Linguagem das Artes Pl\u00e1sticas para educadores e alunos vinculados aos programas e projetos da Secretaria de Educa\u00e7\u00e3o<\/td>\n<td width=\"202\">Joanan Santos Prates<\/td>\n<td width=\"129\">Contrato n\u00ba. 005\/2011<\/td>\n<td width=\"123\">01\/04\/2011 a 31\/12\/2011<\/td>\n<td width=\"215\">Contrato: 05\/05\/2011- Di\u00e1rio Regional<\/td>\n<\/tr>\n<tr>\n<td width=\"128\" height=\"294\">006\/11<\/td>\n<td width=\"196\">Carta Convite<\/td>\n<td>Contrata\u00e7\u00e3o de um profissional para ministrar cursos\/oficinas na Linguagem Corporal (esporte na escola\/futebol) para educadores e alunos vinculados aos programas e projetos da Secretaria de Educa\u00e7\u00e3o, com perfil para desenvolver as atividades de acordo com as concep\u00e7\u00e3o contidas na Proposta Curricular das escolas municipais de Diadema<\/td>\n<td width=\"202\">Felipe Daniel da Silva<\/td>\n<td width=\"129\">Contrato n\u00ba. 006\/2011<\/td>\n<td width=\"123\">01\/04\/2011 a 31\/12\/2011<\/td>\n<td width=\"215\">Contrato: 05\/05\/2011- Di\u00e1rio Regional<\/td>\n<\/tr>\n<tr>\n<td width=\"128\" height=\"273\">007\/11<\/td>\n<td width=\"196\">Carta Convite<\/td>\n<td>Contrata\u00e7\u00e3o de profissional para ministrar cursos e oficinas na Disciplina Corpo e Movimento para dirigentes, educadores e alunos vinculados aos programas e projetos da Secretaria de Educa\u00e7\u00e3o, com perfil para desenvolver as atividades de acordo com as concep\u00e7\u00f5es contidas na Proposta Curricular das escolas Municipais de Diadema<\/td>\n<td width=\"202\">Manuelly Grin\u00e9 Rodrigues<\/td>\n<td width=\"129\">Contrato n\u00ba. 007\/2011<\/td>\n<td width=\"123\">01\/04\/2011 a 31\/12\/2011<\/td>\n<td width=\"215\">Contrato: 05\/05\/2011- Di\u00e1rio Regional<\/td>\n<\/tr>\n<tr>\n<td height=\"84\">015\/11<\/td>\n<td width=\"196\">Dispensa de Licita\u00e7\u00e3o<\/td>\n<td>Contrata\u00e7\u00e3o de empresa especializada para fornecimento de servidor para hospedagem de site.<\/td>\n<td>Bounceweb Servi\u00e7os de Internet Ltda ME<\/td>\n<td width=\"129\"><\/td>\n<td width=\"123\">29\/04\/2011<\/td>\n<td width=\"215\"><\/td>\n<\/tr>\n<\/tbody>\n<\/table>\n<\/div>\n<\/div>\n<div class=\"tab\">\n<h3 class=\"tab-title\" data-tab-id=\"mai\">Mai<\/h3>\n<div id=\"tab-mai\" class=\"tab-content\">\n<table border=\"1\" cellspacing=\"0\" cellpadding=\"0\">\n<colgroup>\n<col width=\"128\" \/>\n<col width=\"196\" \/>\n<col width=\"246\" \/>\n<col width=\"202\" \/>\n<col width=\"129\" \/>\n<col width=\"123\" \/>\n<col width=\"215\" \/><\/colgroup>\n<tbody>\n<tr>\n<td width=\"128\" height=\"108\">N\u00ba. PROCESSO<\/td>\n<td width=\"196\">TIPO DE LICITA\u00c7\u00c3O<\/td>\n<td width=\"246\">OBJETO<\/td>\n<td width=\"202\">CREDOR<\/td>\n<td width=\"129\">ORIGEM<\/td>\n<td width=\"123\">VIG\u00caNCIA<\/td>\n<td width=\"215\">DATA DA PUBLICA\u00c7\u00c3O<\/td>\n<\/tr>\n<tr>\n<td height=\"63\">016\/11<\/td>\n<td width=\"196\">Inexigibilidade<\/td>\n<td width=\"246\">Manuten\u00e7\u00e3o de registro de dom\u00ednio florestan.org.br para internet<\/td>\n<td>N\u00facleo de Informa\u00e7\u00e3o e Coordena\u00e7\u00e3o do Ponto BR NIC BR<\/td>\n<td width=\"129\"><\/td>\n<td width=\"123\">06\/05\/2011<\/td>\n<td width=\"215\">07\/06\/11<\/td>\n<\/tr>\n<tr>\n<td height=\"60\">093\/09<\/td>\n<td width=\"196\">Carta Convite<\/td>\n<td width=\"246\">Contrata\u00e7\u00e3o de empresa especializada em loca\u00e7\u00e3o de impressora e copiadora<\/td>\n<td>Diller M\u00e1quinas e Equipamentos Ltda<\/td>\n<td width=\"129\">Contrato n\u00ba 050\/2009<\/td>\n<td width=\"123\">11\/05\/2011 a 10\/05\/2012<\/td>\n<td width=\"215\">07\/06\/11<\/td>\n<\/tr>\n<tr>\n<td height=\"84\">010\/11<\/td>\n<td width=\"196\">Dispensa de Licita\u00e7\u00e3o<\/td>\n<td width=\"246\">Contrata\u00e7\u00e3o de empresa especializada para fornecimento de materiais descart\u00e1veis.<\/td>\n<td>MVD Distribuidora Ltda \u2013 ME<\/td>\n<td width=\"129\"><\/td>\n<td width=\"123\">19\/05\/2011<\/td>\n<td width=\"215\"><\/td>\n<\/tr>\n<tr>\n<td height=\"63\">035\/10<\/td>\n<td width=\"196\">Carta Convite<\/td>\n<td width=\"246\">Contrata\u00e7\u00e3o de servi\u00e7os de assessoria em L\u00edngua Brasileira de Sinais \u2013 LIBRA<\/td>\n<td>LBRS Cursos e Treinamentos Ltda.<\/td>\n<td width=\"129\">Contrato n\u00ba 023\/2010<\/td>\n<td width=\"123\">23\/05\/2011 a 22\/06\/2011<\/td>\n<td width=\"215\">07\/06\/11<\/td>\n<\/tr>\n<tr>\n<td height=\"105\">011\/11<\/td>\n<td width=\"196\">Dispensa de Licita\u00e7\u00e3o<\/td>\n<td width=\"246\">Contrata\u00e7\u00e3o de empresa especializada para fornecimento de produtos de beleza.<\/td>\n<td>Ciamele Perfumaria e Cosm\u00e9ticos Ltda \u2013 R$ 2.665,44 \/ Bela Center Produtos de Beleza Ltda ME \u2013 R$ 2.718,55<\/td>\n<td width=\"129\"><\/td>\n<td width=\"123\">25\/05\/2011<\/td>\n<td width=\"215\"><\/td>\n<\/tr>\n<\/tbody>\n<\/table>\n<\/div>\n<\/div>\n<div class=\"tab\">\n<h3 class=\"tab-title\" data-tab-id=\"jun\">Jun<\/h3>\n<div id=\"tab-jun\" class=\"tab-content\">\n<table border=\"1\" cellspacing=\"0\" cellpadding=\"0\">\n<tbody>\n<tr>\n<td colspan=\"5\">Refer\u00eancia: Junho 2011<\/td>\n<\/tr>\n<tr>\n<td><strong>N\u00b0 Processo<\/strong><\/td>\n<td><strong>Tipo de Licita\u00e7\u00e3o<\/strong><\/td>\n<td><strong>Objeto<\/strong><\/td>\n<td><strong>Fornecedor<\/strong><\/td>\n<td><strong>Origem<\/strong><\/td>\n<\/tr>\n<tr>\n<td>009\/2011<\/td>\n<td>Dispensa de Licita\u00e7\u00e3o<\/td>\n<td>Contrata\u00e7\u00e3o de empresa especializada para manuten\u00e7\u00e3o de macas.<\/td>\n<td>Clenilce de Fran\u00e7a Piheiro<\/td>\n<td><\/td>\n<\/tr>\n<tr>\n<td>013\/2011<\/td>\n<td>Preg\u00e3o Presencial<\/td>\n<td>Fornecimento de materiais para cursos e para uso administrativo da Funda\u00e7\u00e3o Florestan Fernandes<\/td>\n<td>SIXPEL Inform\u00e1tica e Material de Escrit\u00f3rio<\/td>\n<td><\/td>\n<\/tr>\n<tr>\n<td>017\/2011<\/td>\n<td>Dispensa de Licita\u00e7\u00e3o<\/td>\n<td>Contrata\u00e7\u00e3o de empresa especializada para instala\u00e7\u00e3o de cortinas tipo persiana na sala de v\u00eddeo<\/td>\n<td>JCL Pisos, Revestimentos e Decora\u00e7\u00f5es Ltda<\/td>\n<td><\/td>\n<\/tr>\n<tr>\n<td>018\/2011<\/td>\n<td>Dispensa de Licita\u00e7\u00e3o<\/td>\n<td>Contrata\u00e7\u00e3o de empresa especializada para encaderna\u00e7\u00e3o de livros cont\u00e1beis<\/td>\n<td>Uau Copiadora Ltda. &#8211; M.E.<\/td>\n<td><\/td>\n<\/tr>\n<tr>\n<td>023\/2011<\/td>\n<td>Dispensa de Licita\u00e7\u00e3o<\/td>\n<td>Aquisi\u00e7\u00e3o de conjunto de bandeiras brasileira, paulista e diademense com mastro e suporte<\/td>\n<td>Bandeira Hum Confec\u00e7\u00e3o Ltda.<\/td>\n<td><\/td>\n<\/tr>\n<tr>\n<td>024\/2011<\/td>\n<td>Dispensa de Licita\u00e7\u00e3o<\/td>\n<td>Presta\u00e7\u00e3o de servi\u00e7o de seguro total de ve\u00edculo oficial, pertencente \u00e0 Funda\u00e7\u00e3o Florestan Fernandes<\/td>\n<td>Bradesco Auto\/RE Companhia de Seguros<\/td>\n<td><\/td>\n<\/tr>\n<\/tbody>\n<\/table>\n<\/div>\n<\/div>\n<div class=\"tab\">\n<h3 class=\"tab-title\" data-tab-id=\"jul\">Jul<\/h3>\n<div id=\"tab-jul\" class=\"tab-content\">\n<table border=\"1\" cellspacing=\"0\" cellpadding=\"0\">\n<tbody>\n<tr>\n<td colspan=\"5\">Refer\u00eancia: Julho 2011<\/td>\n<\/tr>\n<tr>\n<td><strong>N\u00b0 Processo<\/strong><\/td>\n<td><strong>Tipo de Licita\u00e7\u00e3o<\/strong><\/td>\n<td><strong>Objeto<\/strong><\/td>\n<td><strong>Fornecedor<\/strong><\/td>\n<td><strong>Origem<\/strong><\/td>\n<\/tr>\n<tr>\n<td>012\/2011<\/td>\n<td>Dispensa de Licita\u00e7\u00e3o<\/td>\n<td>Contrata\u00e7\u00e3o de empresa especializada para manuten\u00e7\u00e3o de corretiva de motores e aparelhos de ultrasson.<\/td>\n<td>DGM Eletr\u00f4nica Ltda-EPP<\/td>\n<td><\/td>\n<\/tr>\n<tr>\n<td>020\/2011<\/td>\n<td>Dispensa de Licita\u00e7\u00e3o<\/td>\n<td>Contrata\u00e7\u00e3o de empresa especializada para fornecimento e instala\u00e7\u00e3o de catraca eletr\u00f4nica de controle de acesso.<\/td>\n<td>Jos\u00e9 Firmino de Couto &#8211; ME<\/td>\n<td><\/td>\n<\/tr>\n<tr>\n<td>027\/2011<\/td>\n<td>Carta Convite<\/td>\n<td>Presta\u00e7\u00e3o de servi\u00e7o de Acessoria em Artes voltadas para cultura popular enfocando o acervo do MAP &#8211; Museu de Arte Popular.<\/td>\n<td>Andr\u00e9ia de Alc\u00e2ntara<\/td>\n<td>Contrato n\u00ba 008\/2011<\/td>\n<\/tr>\n<tr>\n<td>029\/2011<\/td>\n<td>Dispensa de Licita\u00e7\u00e3o<\/td>\n<td>Contrata\u00e7\u00e3o de empresa especializada para recarga de extintores de inc\u00eancio.<\/td>\n<td>CRE Com\u00e9rcio e Recarga de Extintores Ltda-ME<\/td>\n<td><\/td>\n<\/tr>\n<tr>\n<td>030\/2011<\/td>\n<td>Dispensa de Licita\u00e7\u00e3o<\/td>\n<td>Aquisi\u00e7\u00e3o de Mobili\u00e1rio.<\/td>\n<td>Bells Produtos e Design Ltda.<\/td>\n<td><\/td>\n<\/tr>\n<tr>\n<td>026\/2010<\/td>\n<td>(Chamamento P\u00fablico) Conv\u00eanio<\/td>\n<td>Realiza\u00e7\u00e3o de programas de forma\u00e7\u00e3o profissional, por meio de projetos de qualifica\u00e7\u00e3o, requalifica\u00e7\u00e3o e outros programas ligados ao mundo do trabalho, necess\u00e1rios ao desenvolvimento destinado a jovens maiores de 14 anos e adultos<\/td>\n<td>ABENCO \u2013 Associa\u00e7\u00e3o Beneficente Nova Conquista<\/td>\n<td>1\u00ba aditivo para prorroga\u00e7\u00e3o de conv\u00eanio<\/td>\n<\/tr>\n<tr>\n<td>151\/2009<\/td>\n<td>Chamamento p\u00fablico<\/td>\n<td>Implementa\u00e7\u00e3o e desenvolvimento dos programas e projeto de qualifica\u00e7\u00e3o e requalifica\u00e7\u00e3o social e profissional nas \u00e1reas Administrativas, Beleza, Gastronomia, Juventude e Constru\u00e7\u00e3o Civil, bem como co-responsabilidade na gest\u00e3o de Pessoal administrativo para consecu\u00e7\u00e3o das atividades dos programas e projetos da Funda\u00e7\u00e3o Florestan Fernandes.<\/td>\n<td>N\u00facleo Educacional da Santa Casa de Diadema.<\/td>\n<td>Termo de Supress\u00e3o de Contrato.<\/td>\n<\/tr>\n<\/tbody>\n<\/table>\n<\/div>\n<\/div>\n<div class=\"tab\">\n<h3 class=\"tab-title\" data-tab-id=\"ago\">Ago<\/h3>\n<div id=\"tab-ago\" class=\"tab-content\">\n<table border=\"1\" cellspacing=\"0\" cellpadding=\"0\">\n<tbody>\n<tr>\n<td colspan=\"5\">Refer\u00eancia: Agosto 2011<\/td>\n<\/tr>\n<tr>\n<td><strong>N\u00b0 Processo<\/strong><\/td>\n<td><strong>Tipo de Licita\u00e7\u00e3o<\/strong><\/td>\n<td><strong>Objeto<\/strong><\/td>\n<td><strong>Fornecedor<\/strong><\/td>\n<td><strong>Origem<\/strong><\/td>\n<\/tr>\n<tr>\n<td>120\/2008<\/td>\n<td>Conv\u00eanio<\/td>\n<td>Difundir a tecnologia de software bem como a democratiza\u00e7\u00e3o do processo de informatiza\u00e7\u00e3o, promovendo cursos de introdu\u00e7\u00e3o a inform\u00e1tica para a popula\u00e7\u00e3o mais carente de Diadema<\/td>\n<td>Associa\u00e7\u00e3o Uni\u00e3o dos moradores da Vila Nogueira<\/td>\n<td>5\u00ba aditivo para prorroga\u00e7\u00e3o de conv\u00eanio<\/td>\n<\/tr>\n<tr>\n<td>044\/2008<\/td>\n<td>Conv\u00eanio<\/td>\n<td>Difus\u00e3o de tecnologia de software livre, bem como democratizar o processo de informatiza\u00e7\u00e3o promovendo cursos de inform\u00e1tica para a popula\u00e7\u00e3o mais carente, al\u00e9m do acesso a pesquisa utilizando como ferramenta a internet.<\/td>\n<td>Associa\u00e7\u00e3o dos Moradores do N\u00facleo habitacional Jardim Rey<\/td>\n<td>5\u00ba aditivo para prorroga\u00e7\u00e3o de conv\u00eanio<\/td>\n<\/tr>\n<tr>\n<td>005\/2001<\/td>\n<td>Conv\u00eanio<\/td>\n<td>Coopera\u00e7\u00e3o t\u00e9cnica e financeira entre os part\u00edcipes, visando o desenvolvimento de projetos de educa\u00e7\u00e3o profissional no \u00e2mbito da qualifica\u00e7\u00e3o e requalifica\u00e7\u00e3o em tecnologias voltadas a \u00e1rea de inform\u00e1tica, com execu\u00e7\u00e3o de projetos de alfabetiza\u00e7\u00e3o digital e a elabora\u00e7\u00e3o de projetos de capta\u00e7\u00e3o de recursos tendo como centro o mundo do trabalho.<\/td>\n<td>Comit\u00ea de Educa\u00e7\u00e3o para democratiza\u00e7\u00e3o da inform\u00e1tica S\u00e3o Paulo &#8211; CEDDISP<\/td>\n<td>7\u00ba aditivo para prorroga\u00e7\u00e3o de conv\u00eanio<\/td>\n<\/tr>\n<tr>\n<td>021\/2011<\/td>\n<td>Dispensa de Licita\u00e7\u00e3o<\/td>\n<td>Aquisi\u00e7\u00e3o de ventiladores.<\/td>\n<td>Fabio Pereira da Silva Ventiladores EPP<\/td>\n<td><\/td>\n<\/tr>\n<tr>\n<td>025\/2011<\/td>\n<td>Carta Convite<\/td>\n<td>Presta\u00e7\u00e3o de servi\u00e7o de Assessoria versando sobre o tema: redescobrindo o corpo atrav\u00e9s da dan\u00e7a.<\/td>\n<td>Rose Maria de Souza<\/td>\n<td>Contrato 009\/2011<\/td>\n<\/tr>\n<tr>\n<td>028\/2011<\/td>\n<td>Preg\u00e3o Presencial<\/td>\n<td>Aquisi\u00e7\u00e3o de Equipamentos de Processamento de Dados, Software de Aplica\u00e7\u00e3o e Equipamentos para \u00c1udio, V\u00eddeo e Foto.<\/td>\n<td>SDL Eletro Eletr\u00f4nica Ltda. E.P.P., Microstart Com\u00e9rcio de Suprimentos para Inform\u00e1tica Ltda. E.P.P., Promatec Inform\u00e1tica Ltda. M.E., Suprinet Suprimentos para Inform\u00e1tica Ltda., DHP Inform\u00e1tica Ltda. M.E. e MV V\u00eddeo Com\u00e9rcio e Servi\u00e7os Ltda. E.P.P.<\/td>\n<td><\/td>\n<\/tr>\n<tr>\n<td>022\/2011<\/td>\n<td>Dispensa de Licita\u00e7\u00e3o<\/td>\n<td>Aquisi\u00e7\u00e3o de sistema de monitoramento com fornecimento de materiais e equipamentos de monitoramento por c\u00e2meras de v\u00eddeo (CFTV).<\/td>\n<td>Cleamax Com\u00e9rcio, Representa\u00e7\u00e3o e Distribui\u00e7\u00e3o Ltda.<\/td>\n<td><\/td>\n<\/tr>\n<tr>\n<td>061\/2010<\/td>\n<td>Preg\u00e3o Presencial<\/td>\n<td>Contrata\u00e7\u00e3o de empresa especializada no fornecimento de combust\u00edvel para a Funda\u00e7\u00e3o Florestan Fernandes.<\/td>\n<td>Posto de Servi\u00e7os Orense Ltda.<\/td>\n<td>Termo de Supress\u00e3o de Contrato.<\/td>\n<\/tr>\n<tr>\n<td>152\/2009<\/td>\n<td>Preg\u00e3o Presencial<\/td>\n<td>Contrata\u00e7\u00e3o de empresa jornal\u00edstica para presta\u00e7\u00e3o de servi\u00e7os de publica\u00e7\u00e3o dos atos oficiais da Funda\u00e7\u00e3o Florestan Fernandes.<\/td>\n<td>Grupo ABCD de Jornais Ltda.<\/td>\n<td>Termo de Supress\u00e3o de Contrato.<\/td>\n<\/tr>\n<\/tbody>\n<\/table>\n<\/div>\n<\/div>\n<div class=\"tab\">\n<h3 class=\"tab-title\" data-tab-id=\"set\">Set<\/h3>\n<div id=\"tab-set\" class=\"tab-content\">\n<table border=\"1\" cellspacing=\"0\">\n<colgroup>\n<col width=\"97\" \/>\n<col width=\"98\" \/>\n<col width=\"343\" \/>\n<col width=\"149\" \/>\n<col width=\"140\" \/><\/colgroup>\n<tbody>\n<tr>\n<td colspan=\"5\" align=\"LEFT\" valign=\"MIDDLE\" width=\"827\" height=\"44\"><strong>Refer\u00eancia: Setembro 2011<\/strong><\/td>\n<\/tr>\n<tr>\n<td align=\"CENTER\" valign=\"MIDDLE\" height=\"45\"><strong>N\u00ba. PROCESSO<\/strong><\/td>\n<td align=\"CENTER\" valign=\"MIDDLE\"><strong>TIPO DE LICITA\u00c7\u00c3O<\/strong><\/td>\n<td align=\"CENTER\" valign=\"MIDDLE\"><strong>OBJETO<\/strong><\/td>\n<td align=\"CENTER\" valign=\"MIDDLE\"><strong>FORNECEDOR<\/strong><\/td>\n<td align=\"CENTER\" valign=\"MIDDLE\"><strong>ORIGEM<\/strong><\/td>\n<\/tr>\n<tr>\n<td align=\"CENTER\" valign=\"MIDDLE\" height=\"106\">007\/2010<\/td>\n<td align=\"CENTER\" valign=\"MIDDLE\">Carta Convite<\/td>\n<td align=\"CENTER\" valign=\"MIDDLE\">Contrata\u00e7\u00e3o de um Profissional para ministrar oficinas \/ cursos \/ na Linguagem do AUDIOVISUAL para professores, educadores e coordenadores da rede municipal e dos Programas e Projetos da Secretaria da Educa\u00e7\u00e3o, com perfil para desenvolver as atividades em acordo com as concep\u00e7\u00f5es contidas na Proposta Curricular das Escolas Municipais de Diadema<\/td>\n<td align=\"CENTER\" valign=\"MIDDLE\">Diaulas Ullysses Mercedes<\/td>\n<td align=\"CENTER\" valign=\"MIDDLE\">2\u00ba Termo de Aditamento para prorroga\u00e7\u00e3o de Contrato<\/td>\n<\/tr>\n<tr>\n<td align=\"CENTER\" valign=\"MIDDLE\" height=\"62\">008\/2010<\/td>\n<td align=\"CENTER\" valign=\"MIDDLE\">Inexigibilidade<\/td>\n<td align=\"CENTER\" valign=\"MIDDLE\">Contrata\u00e7\u00e3o de um profissional para ministrar cursos \/ oficinas na \u201cLinguagem da ARTE POPULAR\u201d para educadores e alunos das escolas municipais e vinculados aos programas e projetos da Secretaria da Educa\u00e7\u00e3o<\/td>\n<td align=\"CENTER\" valign=\"MIDDLE\">Ricardo Amadasi<\/td>\n<td align=\"CENTER\" valign=\"MIDDLE\">2\u00ba Termo de Aditamento para prorroga\u00e7\u00e3o de Contrato<\/td>\n<\/tr>\n<tr>\n<td align=\"CENTER\" valign=\"MIDDLE\" height=\"74\">010\/2010<\/td>\n<td align=\"CENTER\" valign=\"MIDDLE\">Carta Convite<\/td>\n<td align=\"CENTER\" valign=\"MIDDLE\">Contrata\u00e7\u00e3o de um Profissional para ministrar cursos \/ oficinas na Linguagem da m\u00fasica na modalidade CANTO CORAL para educadores e alunos vinculados \u00e1s escolas, programas e aos projetos da Secretaria de Educa\u00e7\u00e3o.<\/td>\n<td align=\"CENTER\" valign=\"MIDDLE\">Ana Paula Guimar\u00e3es Silva Nakazato<\/td>\n<td align=\"CENTER\" valign=\"MIDDLE\">2\u00ba Termo de Aditamento para prorroga\u00e7\u00e3o de Contrato<\/td>\n<\/tr>\n<tr>\n<td align=\"CENTER\" valign=\"MIDDLE\" height=\"69\">011\/2010<\/td>\n<td align=\"CENTER\" valign=\"MIDDLE\">Carta Convite<\/td>\n<td align=\"CENTER\" valign=\"MIDDLE\">Contrata\u00e7\u00e3o de um Profissional para ministrar cursos \/ oficinas em ARTE EDUCA\u00c7\u00c3O para educadores e alunos vinculados \u00e1s escolas, programas e aos projetos da Secretaria de Educa\u00e7\u00e3o<\/td>\n<td align=\"CENTER\" valign=\"MIDDLE\">Jorge Luis Vargas<\/td>\n<td align=\"CENTER\" valign=\"MIDDLE\">2\u00ba Termo de Aditamento para prorroga\u00e7\u00e3o de Contrato<\/td>\n<\/tr>\n<tr>\n<td align=\"CENTER\" valign=\"MIDDLE\" height=\"79\">012\/2010<\/td>\n<td align=\"CENTER\" valign=\"MIDDLE\">Carta Convite<\/td>\n<td align=\"CENTER\" valign=\"MIDDLE\">Contrata\u00e7\u00e3o de um Profissional para ministrar cursos \/ oficinas na linguagem da ARTE DIGITAL para educadores e alunos vinculados \u00e1s escolas, programas e aos projetos da Secretaria de Educa\u00e7\u00e3o<\/td>\n<td align=\"CENTER\" valign=\"MIDDLE\">Maria Cec\u00edlia Espinosa de Queiroz<\/td>\n<td align=\"CENTER\" valign=\"MIDDLE\">2\u00ba Termo de Aditamento para prorroga\u00e7\u00e3o de Contrato<\/td>\n<\/tr>\n<tr>\n<td align=\"CENTER\" valign=\"MIDDLE\" height=\"85\">014\/2010<\/td>\n<td align=\"CENTER\" valign=\"MIDDLE\">Carta Convite<\/td>\n<td align=\"CENTER\" valign=\"MIDDLE\">Contrata\u00e7\u00e3o de um Profissional para ministrar cursos \/ oficinas na linguagem da M\u00daSICA NA MODALIDADE TEORIA DA M\u00daSICA para educadores e alunos vinculados \u00e1s escolas, programas e aos projetos da Secretaria de Educa\u00e7\u00e3o<\/td>\n<td align=\"CENTER\" valign=\"MIDDLE\">Dalton Celso Martins Soares<\/td>\n<td align=\"CENTER\" valign=\"MIDDLE\">2\u00ba Termo de Aditamento para prorroga\u00e7\u00e3o de Contrato<\/td>\n<\/tr>\n<tr>\n<td align=\"CENTER\" valign=\"MIDDLE\" height=\"85\">015\/2010<\/td>\n<td align=\"CENTER\" valign=\"MIDDLE\">Carta Convite<\/td>\n<td align=\"CENTER\" valign=\"MIDDLE\">\u00e0 Contrata\u00e7\u00e3o de um Profissional para ministrar cursos \/ oficinas na linguagem CONFEC\u00c7\u00c3O DE MOSAICO COM MATERIAL RECICL\u00c1VEL para educadores e alunos vinculados \u00e1s escolas, programas e aos projetos da Secretaria de Educa\u00e7\u00e3o<\/td>\n<td align=\"CENTER\" valign=\"MIDDLE\">Edmilson de Morais<\/td>\n<td align=\"CENTER\" valign=\"MIDDLE\">2\u00ba Termo de Aditamento para prorroga\u00e7\u00e3o de Contrato<\/td>\n<\/tr>\n<tr>\n<td align=\"CENTER\" valign=\"MIDDLE\" height=\"69\">018\/2010<\/td>\n<td align=\"CENTER\" valign=\"MIDDLE\">Carta Convite<\/td>\n<td align=\"CENTER\" valign=\"MIDDLE\">Contrata\u00e7\u00e3o de um Profissional para ministrar cursos \/ oficinas na linguagem HIST\u00d3RIA E CULTURA DO HIP HOP para educadores e alunos vinculados \u00e1s escolas, programas e aos projetos da Secretaria de Educa\u00e7\u00e3o<\/td>\n<td align=\"CENTER\" valign=\"MIDDLE\">Wilson Roberto Levy<\/td>\n<td align=\"CENTER\" valign=\"MIDDLE\">2\u00ba Termo de Aditamento para prorroga\u00e7\u00e3o de Contrato<\/td>\n<\/tr>\n<tr>\n<td align=\"CENTER\" valign=\"MIDDLE\" height=\"40\">033\/2011<\/td>\n<td align=\"CENTER\" valign=\"MIDDLE\">Carta Convite<\/td>\n<td align=\"CENTER\" valign=\"MIDDLE\">Fornecimento de materiais para os cursos de cabeleireiro e manicure da Funda\u00e7\u00e3o Florestan Fernandes<\/td>\n<td align=\"CENTER\" valign=\"MIDDLE\">Bela Center Produtos de Beleza Ltda ME<\/td>\n<td align=\"CENTER\" valign=\"MIDDLE\"><\/td>\n<\/tr>\n<tr>\n<td align=\"CENTER\" valign=\"MIDDLE\" height=\"53\">037\/2011<\/td>\n<td align=\"CENTER\" valign=\"MIDDLE\">Dispensa de Licita\u00e7\u00e3o<\/td>\n<td align=\"CENTER\" valign=\"MIDDLE\">Aquisi\u00e7\u00e3o de material para o curso de mec\u00e2nico de refrigera\u00e7\u00e3o e climatiza\u00e7\u00e3o<\/td>\n<td align=\"CENTER\" valign=\"MIDDLE\">Disparcon Distribuidora de Pe\u00e7as para Ar Condicionado Ltda.<\/td>\n<td align=\"CENTER\" valign=\"MIDDLE\"><\/td>\n<\/tr>\n<tr>\n<td align=\"CENTER\" valign=\"MIDDLE\" height=\"53\">036\/2011<\/td>\n<td align=\"CENTER\" valign=\"MIDDLE\">Dispensa de Licita\u00e7\u00e3o<\/td>\n<td align=\"CENTER\" valign=\"MIDDLE\">Aquisi\u00e7\u00e3o de material para o curso de jardinagem e paisagismo<\/td>\n<td align=\"CENTER\" valign=\"MIDDLE\">Arquitetura e Arte Paisagismo Ltda ME<\/td>\n<td align=\"CENTER\" valign=\"MIDDLE\"><\/td>\n<\/tr>\n<tr>\n<td>140\/2009<\/td>\n<td>Chamamento P\u00fablico<\/td>\n<td>Difundir a tecnologia de software bem como a democratiza\u00e7\u00e3o do processo de informatiza\u00e7\u00e3o, promovendo cursos de introdu\u00e7\u00e3o a inform\u00e1tica para a popula\u00e7\u00e3o mais carente de Diadema.<\/td>\n<td>Grupo Esp\u00edrita Caibar Schutel<\/td>\n<td>2\u00ba Termo de Aditamento para prorroga\u00e7\u00e3o de Conv\u00eanio<\/td>\n<\/tr>\n<\/tbody>\n<\/table>\n<div id=\"_mcePaste\"><\/div>\n<\/div>\n<\/div>\n<div class=\"tab\">\n<h3 class=\"tab-title\" data-tab-id=\"out\">Out<\/h3>\n<div id=\"tab-out\" class=\"tab-content\">\n<table border=\"0\" frame=\"VOID\" rules=\"NONE\" cellspacing=\"0\">\n<colgroup>\n<col width=\"97\" \/>\n<col width=\"98\" \/>\n<col width=\"343\" \/>\n<col width=\"149\" \/>\n<col width=\"140\" \/><\/colgroup>\n<tbody>\n<tr>\n<td colspan=\"5\" align=\"LEFT\" valign=\"MIDDLE\" width=\"827\" height=\"44\"><strong>Refer\u00eancia: Outubro 2011<\/strong><\/td>\n<\/tr>\n<tr>\n<td align=\"CENTER\" valign=\"MIDDLE\" height=\"45\"><strong>N\u00ba. PROCESSO<\/strong><\/td>\n<td align=\"CENTER\" valign=\"MIDDLE\"><strong>TIPO DE LICITA\u00c7\u00c3O<\/strong><\/td>\n<td align=\"CENTER\" valign=\"MIDDLE\"><strong>OBJETO<\/strong><\/td>\n<td align=\"CENTER\" valign=\"MIDDLE\"><strong>FORNECEDOR<\/strong><\/td>\n<td align=\"CENTER\" valign=\"MIDDLE\"><strong>ORIGEM<\/strong><\/td>\n<\/tr>\n<tr>\n<td align=\"CENTER\" valign=\"MIDDLE\" height=\"106\">026\/11<\/td>\n<td align=\"CENTER\" valign=\"MIDDLE\">Dispensa de Licita\u00e7\u00e3o<\/td>\n<td align=\"CENTER\" valign=\"MIDDLE\">Presta\u00e7\u00e3o de servi\u00e7o em Assessoria em L\u00edngua Brasileira de Sinais \u2013 LIBRAS.<\/td>\n<td align=\"CENTER\" valign=\"MIDDLE\">Inclue Consultoria, Interpreta\u00e7\u00e3o e Treinamento Ltda &#8211; ME<\/td>\n<td align=\"CENTER\" valign=\"MIDDLE\"><\/td>\n<\/tr>\n<tr>\n<td align=\"CENTER\" valign=\"MIDDLE\" height=\"62\">034\/11<\/td>\n<td align=\"CENTER\" valign=\"MIDDLE\">Carta Convite<\/td>\n<td align=\"CENTER\" valign=\"MIDDLE\">Fornecimento de materiais descart\u00e1veis para os cursos das \u00e1reas da beleza, espa\u00e7o zen e gastronomia da Funda\u00e7\u00e3o Florestan Fernandes.<\/td>\n<td align=\"CENTER\" valign=\"MIDDLE\">Sixpel Inform\u00e1tica e Material de Escrit\u00f3rio Ltda<\/td>\n<td align=\"CENTER\" valign=\"MIDDLE\"><\/td>\n<\/tr>\n<tr>\n<td align=\"CENTER\" valign=\"MIDDLE\" height=\"74\">035\/11<\/td>\n<td align=\"CENTER\" valign=\"MIDDLE\">Carta Convite<\/td>\n<td align=\"CENTER\" valign=\"MIDDLE\">Aquisi\u00e7\u00e3o de material para os cursos de eletricista instalador com comandos el\u00e9tricos.<\/td>\n<td align=\"CENTER\" valign=\"MIDDLE\">A&amp;J Empreendimentos Comerciais Ltda. EPP<\/td>\n<td align=\"CENTER\" valign=\"MIDDLE\"><\/td>\n<\/tr>\n<tr>\n<td align=\"CENTER\" valign=\"MIDDLE\" height=\"69\">038\/11<\/td>\n<td align=\"CENTER\" valign=\"MIDDLE\">Dispensa de Licita\u00e7\u00e3o<\/td>\n<td align=\"CENTER\" valign=\"MIDDLE\">Aquisi\u00e7\u00e3o de material para os cursos de pedreiro assentador, pedreiro revestido, pintura e texturiza\u00e7\u00e3o e gesso acartonado sistema drywall.<\/td>\n<td align=\"CENTER\" valign=\"MIDDLE\">Gemark Com\u00e9rcio de Artefatos Ltda<\/td>\n<td align=\"CENTER\" valign=\"MIDDLE\"><\/td>\n<\/tr>\n<tr>\n<td align=\"CENTER\" valign=\"MIDDLE\" height=\"79\">040\/11<\/td>\n<td align=\"CENTER\" valign=\"MIDDLE\">Carta Convite<\/td>\n<td align=\"CENTER\" valign=\"MIDDLE\">Contrata\u00e7\u00e3o de empresa especializada em forma\u00e7\u00e3o de profissionais da educa\u00e7\u00e3o b\u00e1sica.<\/td>\n<td align=\"CENTER\" valign=\"MIDDLE\">Horizon Desenvolvimento Educacional Ltda ME.<\/td>\n<td align=\"CENTER\" valign=\"MIDDLE\"><\/td>\n<\/tr>\n<tr>\n<td align=\"CENTER\" valign=\"MIDDLE\" height=\"85\">042\/11<\/td>\n<td align=\"CENTER\" valign=\"MIDDLE\">Carta Convite<\/td>\n<td align=\"CENTER\" valign=\"MIDDLE\">Contrata\u00e7\u00e3o de empresa especializada para impress\u00e3o gr\u00e1fica de material de divulga\u00e7\u00e3o das a\u00e7\u00f5es da Funda\u00e7\u00e3o Florestan Fernandes.<\/td>\n<td align=\"CENTER\" valign=\"MIDDLE\">Carta Expressa Artes Gr\u00e1ficas Ltda. ME<\/td>\n<td align=\"CENTER\" valign=\"MIDDLE\"><\/td>\n<\/tr>\n<\/tbody>\n<\/table>\n<div id=\"_mcePaste\"><\/div>\n<\/div>\n<\/div>\n<div class=\"tab\">\n<h3 class=\"tab-title\" data-tab-id=\"nov\">Nov<\/h3>\n<div id=\"tab-nov\" class=\"tab-content\">\n<table border=\"0\" frame=\"VOID\" rules=\"NONE\" cellspacing=\"0\">\n<colgroup>\n<col width=\"97\" \/>\n<col width=\"98\" \/>\n<col width=\"343\" \/>\n<col width=\"149\" \/>\n<col width=\"140\" \/><\/colgroup>\n<tbody>\n<tr>\n<td colspan=\"5\" align=\"LEFT\" valign=\"MIDDLE\" width=\"827\" height=\"44\"><strong>Refer\u00eancia: Novembro 2011.<\/strong><\/td>\n<\/tr>\n<tr>\n<td align=\"CENTER\" valign=\"MIDDLE\" height=\"45\"><strong>N\u00ba. PROCESSO<\/strong><\/td>\n<td align=\"CENTER\" valign=\"MIDDLE\"><strong>TIPO DE LICITA\u00c7\u00c3O<\/strong><\/td>\n<td align=\"CENTER\" valign=\"MIDDLE\"><strong>OBJETO<\/strong><\/td>\n<td align=\"CENTER\" valign=\"MIDDLE\"><strong>FORNECEDOR<\/strong><\/td>\n<td align=\"CENTER\" valign=\"MIDDLE\"><strong>ORIGEM<\/strong><\/td>\n<\/tr>\n<tr>\n<td align=\"CENTER\" valign=\"MIDDLE\" height=\"62\"><strong>*******<\/strong><\/td>\n<td align=\"CENTER\" valign=\"MIDDLE\"><strong>***************<\/strong><\/td>\n<td align=\"CENTER\" valign=\"MIDDLE\"><strong>N\u00e3o h\u00e1 processos para este per\u00edodo.<\/strong><\/td>\n<td align=\"CENTER\" valign=\"MIDDLE\"><strong>*****************<\/strong><\/td>\n<td align=\"CENTER\" valign=\"MIDDLE\"><strong>*************************<\/strong><\/td>\n<\/tr>\n<\/tbody>\n<\/table>\n<div id=\"_mcePaste\"><\/div>\n<\/div>\n<\/div>\n<div class=\"tab\">\n<h3 class=\"tab-title\" data-tab-id=\"dez\">Dez<\/h3>\n<div id=\"tab-dez\" class=\"tab-content\">\n<table border=\"1\" cellspacing=\"0\">\n<colgroup>\n<col width=\"134\" \/>\n<col width=\"186\" \/>\n<col width=\"301\" \/>\n<col width=\"192\" \/>\n<col width=\"122\" \/><\/colgroup>\n<tbody>\n<tr>\n<td colspan=\"5\" align=\"LEFT\" valign=\"MIDDLE\" width=\"934\" height=\"44\"><strong>Refer\u00eancia: Dezembro 2011.<\/strong><\/td>\n<\/tr>\n<tr>\n<td align=\"CENTER\" valign=\"MIDDLE\" height=\"20\"><strong>N\u00ba. PROCESSO<\/strong><\/td>\n<td align=\"CENTER\" valign=\"MIDDLE\"><strong>TIPO DE LICITA\u00c7\u00c3O<\/strong><\/td>\n<td align=\"CENTER\" valign=\"MIDDLE\"><strong>OBJETO<\/strong><\/td>\n<td align=\"CENTER\" valign=\"MIDDLE\"><strong>FORNECEDOR<\/strong><\/td>\n<td align=\"CENTER\" valign=\"MIDDLE\"><strong>ORIGEM<\/strong><\/td>\n<\/tr>\n<tr>\n<td align=\"CENTER\" valign=\"MIDDLE\" height=\"61\">039\/2011<\/td>\n<td align=\"CENTER\" valign=\"MIDDLE\">Carta Convite<\/td>\n<td align=\"CENTER\" valign=\"MIDDLE\">Aquisi\u00e7\u00e3o de material para o curso da \u00e1rea de gastronomia<\/td>\n<td align=\"CENTER\" valign=\"MIDDLE\">Supermercado Club de Campo Lda<\/td>\n<td align=\"CENTER\" valign=\"MIDDLE\">Contrato n\u00ba. 012\/2011<\/td>\n<\/tr>\n<tr>\n<td align=\"CENTER\" valign=\"MIDDLE\" height=\"154\">043\/2011<\/td>\n<td align=\"CENTER\" valign=\"MIDDLE\">Dispensa de Licita\u00e7\u00e3o<\/td>\n<td align=\"CENTER\" valign=\"MIDDLE\">Contrata\u00e7\u00e3o de empresa especializada em produ\u00e7\u00e3o de v\u00eddeo, roteiriza\u00e7\u00e3o, edi\u00e7\u00e3o e legendagem de conte\u00fado audiovisual para documenta\u00e7\u00e3o e divulga\u00e7\u00e3o da miss\u00e3o institucional da Funda\u00e7\u00e3o Florestan Fernandes.<\/td>\n<td align=\"CENTER\" valign=\"MIDDLE\">CLEBER ZERBIELLI 93567863053<\/td>\n<td align=\"CENTER\" valign=\"MIDDLE\">Contrato n\u00ba. 013\/2011<\/td>\n<\/tr>\n<\/tbody>\n<\/table>\n<div id=\"_mcePaste\"><\/div>\n<\/div>\n<\/div>\n<\/div>\n","protected":false},"excerpt":{"rendered":"","protected":false},"author":1,"featured_media":0,"parent":34,"menu_order":1,"comment_status":"closed","ping_status":"closed","template":"","meta":{"footnotes":""},"class_list":["post-620","page","type-page","status-publish","hentry"],"_links":{"self":[{"href":"https:\/\/florestan.org.br\/transparencia\/wp-json\/wp\/v2\/pages\/620","targetHints":{"allow":["GET"]}}],"collection":[{"href":"https:\/\/florestan.org.br\/transparencia\/wp-json\/wp\/v2\/pages"}],"about":[{"href":"https:\/\/florestan.org.br\/transparencia\/wp-json\/wp\/v2\/types\/page"}],"author":[{"embeddable":true,"href":"https:\/\/florestan.org.br\/transparencia\/wp-json\/wp\/v2\/users\/1"}],"replies":[{"embeddable":true,"href":"https:\/\/florestan.org.br\/transparencia\/wp-json\/wp\/v2\/comments?post=620"}],"version-history":[{"count":3,"href":"https:\/\/florestan.org.br\/transparencia\/wp-json\/wp\/v2\/pages\/620\/revisions"}],"predecessor-version":[{"id":638,"href":"https:\/\/florestan.org.br\/transparencia\/wp-json\/wp\/v2\/pages\/620\/revisions\/638"}],"up":[{"embeddable":true,"href":"https:\/\/florestan.org.br\/transparencia\/wp-json\/wp\/v2\/pages\/34"}],"wp:attachment":[{"href":"https:\/\/florestan.org.br\/transparencia\/wp-json\/wp\/v2\/media?parent=620"}],"curies":[{"name":"wp","href":"https:\/\/api.w.org\/{rel}","templated":true}]}}