{"id":621,"date":"2016-04-07T10:03:02","date_gmt":"2016-04-07T13:03:02","guid":{"rendered":"http:\/\/216.172.173.38\/~floresta\/transparencia\/licitacoes-2\/2012-2\/"},"modified":"2025-04-01T13:54:31","modified_gmt":"2025-04-01T16:54:31","slug":"2012-2","status":"publish","type":"page","link":"https:\/\/florestan.org.br\/transparencia\/licitacoes\/2012-2\/","title":{"rendered":"2012"},"content":{"rendered":"<div class=\"wpcmsdev-tabs\">\n<div class=\"tab\">\n<h3 class=\"tab-title\" data-tab-id=\"jan\">Jan<\/h3>\n<div id=\"tab-jan\" class=\"tab-content\">\n<table border=\"1\" cellspacing=\"0\">\n<colgroup>\n<col width=\"120\" \/>\n<col width=\"179\" \/>\n<col width=\"300\" \/>\n<col width=\"210\" \/>\n<col width=\"136\" \/><\/colgroup>\n<tbody>\n<tr>\n<td colspan=\"5\" align=\"LEFT\" valign=\"MIDDLE\" width=\"945\" height=\"32\"><strong>Refer\u00eancia: Janeiro 2012.<\/strong><\/td>\n<\/tr>\n<tr>\n<td align=\"CENTER\" valign=\"MIDDLE\" height=\"20\"><strong>N\u00ba. PROCESSO<\/strong><\/td>\n<td align=\"CENTER\" valign=\"MIDDLE\"><strong>TIPO DE LICITA\u00c7\u00c3O<\/strong><\/td>\n<td align=\"CENTER\" valign=\"MIDDLE\"><strong>OBJETO<\/strong><\/td>\n<td align=\"CENTER\" valign=\"MIDDLE\"><strong>FORNECEDOR<\/strong><\/td>\n<td align=\"CENTER\" valign=\"MIDDLE\"><strong>ORIGEM<\/strong><\/td>\n<\/tr>\n<tr>\n<td align=\"CENTER\" valign=\"MIDDLE\" height=\"40\">037\/2009<\/td>\n<td align=\"CENTER\" valign=\"MIDDLE\">Inexigibilidade<\/td>\n<td align=\"CENTER\" valign=\"MIDDLE\">Contrato de manuten\u00e7\u00e3o do Rel\u00f3gio de ponto<\/td>\n<td align=\"CENTER\" valign=\"MIDDLE\">Madis Rodbel Solu\u00e7\u00f5es de ponto e acesso Ltda<\/td>\n<td align=\"CENTER\" valign=\"MIDDLE\">Aditivo de Contrato<\/td>\n<\/tr>\n<tr>\n<td align=\"CENTER\" valign=\"MIDDLE\" height=\"41\">030\/2008<\/td>\n<td align=\"CENTER\" valign=\"MIDDLE\">Dispensa<\/td>\n<td align=\"CENTER\" valign=\"MIDDLE\">Internet Acesso r\u00e1pido para a Funda\u00e7\u00e3o Florestan Fernandes<\/td>\n<td align=\"CENTER\" valign=\"MIDDLE\">Terra Network Brasil S\/A<\/td>\n<td align=\"CENTER\" valign=\"MIDDLE\">Aditivo de Contrato<\/td>\n<\/tr>\n<tr>\n<td align=\"CENTER\" valign=\"MIDDLE\" height=\"42\">100\/2009<\/td>\n<td align=\"CENTER\" valign=\"MIDDLE\">Dispensa de Licita\u00e7\u00e3o<\/td>\n<td align=\"CENTER\" valign=\"MIDDLE\">Presta\u00e7\u00e3o de servi\u00e7os de p\u00fablicidade legal &#8211; Sistema pubnet<\/td>\n<td align=\"CENTER\" valign=\"MIDDLE\">Imprensa Oficial do Estado de S\/A &#8211; IMESP<\/td>\n<td align=\"CENTER\" valign=\"MIDDLE\">Aditivo de Contrato<\/td>\n<\/tr>\n<tr>\n<td align=\"CENTER\" valign=\"MIDDLE\" height=\"56\">058\/2010<\/td>\n<td align=\"CENTER\" valign=\"MIDDLE\">Carta Convite<\/td>\n<td align=\"CENTER\" valign=\"MIDDLE\">Contrata\u00e7\u00e3o de advogado para presta\u00e7\u00e3o de servi\u00e7os de assist\u00eancia e assessoria jur\u00eddica nos diversos segmentos do direito<\/td>\n<td align=\"CENTER\" valign=\"MIDDLE\">Humberto Aparecido Domingues<\/td>\n<td align=\"CENTER\" valign=\"MIDDLE\">Aditivo de Contrato<\/td>\n<\/tr>\n<tr>\n<td align=\"CENTER\" valign=\"MIDDLE\" height=\"66\">061\/2010<\/td>\n<td align=\"CENTER\" valign=\"MIDDLE\">Carta Convite<\/td>\n<td align=\"CENTER\" valign=\"MIDDLE\">Contrata\u00e7\u00e3o de empresa especializada para fornecimento de combust\u00edvel para a Funda\u00e7\u00e3o Florestan Fernandes<\/td>\n<td align=\"CENTER\" valign=\"MIDDLE\">Posto de Servi\u00e7os Orense Ltda.<\/td>\n<td align=\"CENTER\" valign=\"MIDDLE\">Aditivo de Contrato<\/td>\n<\/tr>\n<tr>\n<td align=\"CENTER\" valign=\"MIDDLE\" height=\"62\">062\/2010<\/td>\n<td align=\"CENTER\" valign=\"MIDDLE\">Carta Convite<\/td>\n<td align=\"CENTER\" valign=\"MIDDLE\">Contrata\u00e7\u00e3o de empresa especializada para a confec\u00e7\u00e3o e instala\u00e7\u00e3o de faixas e banners de divulga\u00e7\u00e3o<\/td>\n<td align=\"CENTER\" valign=\"MIDDLE\">Casa da Arte Comunica\u00e7\u00e3o Visual e Servi\u00e7os Ltda.<\/td>\n<td align=\"CENTER\" valign=\"MIDDLE\">Aditivo de Contrato<\/td>\n<\/tr>\n<tr>\n<td align=\"CENTER\" valign=\"MIDDLE\" height=\"63\">152\/2009<\/td>\n<td align=\"CENTER\" valign=\"MIDDLE\">Preg\u00e3o Presencial<\/td>\n<td align=\"CENTER\" valign=\"MIDDLE\">Contrata\u00e7\u00e3o de empresa jornalistica para presta\u00e7\u00e3o de servi\u00e7os de publica\u00e7\u00e3o dos atos oficiais da Funda\u00e7\u00e3o Florestan Fernandes<\/td>\n<td align=\"CENTER\" valign=\"MIDDLE\">Grupo ABCD de Jornais Ltda.<\/td>\n<td align=\"CENTER\" valign=\"MIDDLE\">Aditivo de Contrato<\/td>\n<\/tr>\n<tr>\n<td align=\"CENTER\" valign=\"MIDDLE\" height=\"77\">05\/2011<\/td>\n<td align=\"CENTER\" valign=\"MIDDLE\">Carta Convite<\/td>\n<td align=\"CENTER\" valign=\"MIDDLE\">Contrata\u00e7\u00e3o de um profissional para ministrar cursos\/oficinas na Linguagem das Artes Pl\u00e1sticas para educadores e alunos vinculados aos programas e projetos da Secretaria de Educa\u00e7\u00e3o<\/td>\n<td align=\"CENTER\" valign=\"MIDDLE\">Joanan Santos Prates<\/td>\n<td align=\"CENTER\" valign=\"MIDDLE\">Aditivo de Contrato<\/td>\n<\/tr>\n<tr>\n<td align=\"CENTER\" valign=\"MIDDLE\" height=\"62\">027\/2011<\/td>\n<td align=\"CENTER\" valign=\"MIDDLE\">Carta Convite<\/td>\n<td align=\"CENTER\" valign=\"MIDDLE\">Presta\u00e7\u00e3o de servi\u00e7o de Assessoria em Artes voltada para a cultura popular enfocando o acervo do MAP \u2013 Museu de Arte Popular<\/td>\n<td align=\"CENTER\" valign=\"MIDDLE\">Andr\u00e9ia de Alcantara<\/td>\n<td align=\"CENTER\" valign=\"MIDDLE\">Aditivo de Contrato<\/td>\n<\/tr>\n<tr>\n<td align=\"CENTER\" valign=\"MIDDLE\" height=\"119\">150\/2009<\/td>\n<td align=\"CENTER\" valign=\"MIDDLE\">Preg\u00e3o Presencial<\/td>\n<td align=\"CENTER\" valign=\"MIDDLE\">Contrata\u00e7\u00e3o de Servi\u00e7os de Consultoria, Assessoria T\u00e9cnica Informatizada para contabilidade P\u00fablica, com Fornecimento de Software nas \u00e1reas de or\u00e7amento-programas, Execu\u00e7\u00e3o Or\u00e7ament\u00e1ria, Contabilidade P\u00fablica, Tesouraria, Almoxarifado, Patrim\u00f4nio, Compras, Folha de Pagamento e Protocolo<\/td>\n<td align=\"CENTER\" valign=\"MIDDLE\">Cecam Consultoria Econ\u00f4mica Cont\u00e1bil e Administrativa Municipal S\/C Ltda.<\/td>\n<td align=\"CENTER\" valign=\"MIDDLE\">Aditivo de Contrato<\/td>\n<\/tr>\n<tr>\n<td align=\"CENTER\" valign=\"MIDDLE\" height=\"47\">040\/2011<\/td>\n<td align=\"CENTER\" valign=\"MIDDLE\">Carta Convite<\/td>\n<td align=\"CENTER\" valign=\"MIDDLE\">Contrata\u00e7\u00e3o de Empresa Especializada em Forma\u00e7\u00e3o de Profissionais de Educa\u00e7\u00e3o B\u00e1sica<\/td>\n<td align=\"CENTER\" valign=\"MIDDLE\">Horizon Desenvolvimento Educacional Ltda. ME.<\/td>\n<td align=\"CENTER\" valign=\"MIDDLE\">Aditivo de Contrato<\/td>\n<\/tr>\n<tr>\n<td align=\"CENTER\" valign=\"MIDDLE\" height=\"121\">151\/2009<\/td>\n<td align=\"CENTER\" valign=\"MIDDLE\">Chamamento P\u00fablico<\/td>\n<td align=\"CENTER\" valign=\"MIDDLE\">Chamamento P\u00fablico que tem por objetivo o credenciamento de entidades sem fins lucrativos, para o desenvolvimento dos programas de qualifica\u00e7\u00e3o e requalifica\u00e7\u00e3o profissional da Funda\u00e7\u00e3o Florestan Fernandes nas \u00e1reas Administrativas, Beleza, Gastronomia e Constru\u00e7\u00e3o Civil<\/td>\n<td align=\"CENTER\" valign=\"MIDDLE\">N\u00facleo Educacional da Santa Casa de Diadema<\/td>\n<td align=\"CENTER\" valign=\"MIDDLE\">Aditivo de Conv\u00eanio<\/td>\n<\/tr>\n<tr>\n<td align=\"CENTER\" valign=\"MIDDLE\" height=\"136\">004\/2007<\/td>\n<td align=\"CENTER\" valign=\"MIDDLE\">Conv\u00eanio<\/td>\n<td align=\"CENTER\" valign=\"MIDDLE\">Coopera\u00e7\u00e3o t\u00e9cnica e financeira entre os part\u00edcipes, visando o desenvolvimento de projetos de educa\u00e7\u00e3o profissional no \u00e2mbito da qualifica\u00e7\u00e3o e requalifica\u00e7\u00e3o em tecnologias voltadas a \u00e1rea de inform\u00e1tica, com execu\u00e7\u00e3o de projetos de alfabetiza\u00e7\u00e3o digital e a elabora\u00e7\u00e3o de projetos de capta\u00e7\u00e3o de recursos tendo como centro o mundo do trabalho<\/td>\n<td align=\"CENTER\" valign=\"MIDDLE\">CENTRO DE EDUCA\u00c7\u00c3O ESTUDOS E PESQUISAS &#8211; CEEP<\/td>\n<td align=\"CENTER\" valign=\"MIDDLE\">Aditivo de Conv\u00eanio<\/td>\n<\/tr>\n<tr>\n<td align=\"CENTER\" valign=\"MIDDLE\" height=\"121\">045\/2011<\/td>\n<td align=\"CENTER\" valign=\"MIDDLE\">Chamamento P\u00fablico<\/td>\n<td align=\"CENTER\" valign=\"MIDDLE\">Chamamento P\u00fablico para Sele\u00e7\u00e3o de Entidade de Direito Privado, sem Fins Lucrativos, com a finalidade de firmar parceria em estreita coopera\u00e7\u00e3o com esta Funda\u00e7\u00e3o para implementa\u00e7\u00e3o das a\u00e7\u00f5es de qualifica\u00e7\u00e3o e requalifica\u00e7\u00e3o profissional no \u00e2mbito do Munic\u00edpio de Diadema<\/td>\n<td align=\"CENTER\" valign=\"MIDDLE\">Centro de Inclus\u00e3o Digital e Aprendizagem Profissional \u2013 CIDAP<\/td>\n<td align=\"CENTER\" valign=\"MIDDLE\">Termo de Parceria<\/td>\n<\/tr>\n<\/tbody>\n<\/table>\n<div id=\"_mcePaste\"><\/div>\n<\/div>\n<\/div>\n<div class=\"tab\">\n<h3 class=\"tab-title\" data-tab-id=\"fev\">Fev<\/h3>\n<div id=\"tab-fev\" class=\"tab-content\">\n<table border=\"1\" cellspacing=\"0\">\n<colgroup>\n<col width=\"135\" \/>\n<col width=\"207\" \/>\n<col width=\"260\" \/>\n<col width=\"192\" \/>\n<col width=\"169\" \/><\/colgroup>\n<tbody>\n<tr>\n<td colspan=\"5\" align=\"LEFT\" valign=\"MIDDLE\" width=\"964\" height=\"41\"><strong>Refer\u00eancia: Fevereiro 2012.<\/strong><\/td>\n<\/tr>\n<tr>\n<td align=\"CENTER\" valign=\"MIDDLE\" height=\"20\"><strong>N\u00ba. PROCESSO<\/strong><\/td>\n<td align=\"CENTER\" valign=\"MIDDLE\"><strong>MODALIDADE<\/strong><\/td>\n<td align=\"CENTER\" valign=\"MIDDLE\"><strong>OBJETO<\/strong><\/td>\n<td align=\"CENTER\" valign=\"MIDDLE\"><strong>FORNECEDOR<\/strong><\/td>\n<td align=\"CENTER\" valign=\"MIDDLE\"><strong>ORIGEM<\/strong><\/td>\n<\/tr>\n<tr>\n<td align=\"CENTER\" valign=\"MIDDLE\" height=\"69\">050\/2009<\/td>\n<td align=\"CENTER\" valign=\"MIDDLE\">Inexigibilidade<\/td>\n<td align=\"CENTER\" valign=\"MIDDLE\">: Presta\u00e7\u00e3o de Servi\u00e7o de Manuten\u00e7\u00e3o Corretiva e Preventiva para Elevadores da Marca Atlas Schindler<\/td>\n<td align=\"CENTER\" valign=\"MIDDLE\">ELEVADORES ATLAS SCHINDLER S\/A.<\/td>\n<td align=\"CENTER\" valign=\"MIDDLE\">PRORROGA\u00c7\u00c3O<\/td>\n<\/tr>\n<tr>\n<td align=\"CENTER\" valign=\"MIDDLE\" height=\"158\">026\/2010<\/td>\n<td align=\"CENTER\" valign=\"MIDDLE\">Chamamento P\u00fablico \/ Conv\u00eanio<\/td>\n<td align=\"CENTER\" valign=\"MIDDLE\">Realiza\u00e7\u00e3o de programas de Forma\u00e7\u00e3o Profissional, por meio de projetos de qualifica\u00e7\u00e3o, requalifica\u00e7\u00e3o e de outros programas ligados ao mundo do trabalho, necess\u00e1rios ao desenvolvimento destinado a jovens maiores de 14 anos e adultos.<\/td>\n<td align=\"CENTER\" valign=\"MIDDLE\">ASSOCIA\u00c7\u00c3O BENEFICENTE NOVA CONQUISTA &#8211; ABENCO<\/td>\n<td align=\"CENTER\" valign=\"MIDDLE\">ADITIVO DE VALOR (25%)<\/td>\n<\/tr>\n<\/tbody>\n<\/table>\n<div id=\"_mcePaste\"><\/div>\n<\/div>\n<\/div>\n<div class=\"tab\">\n<h3 class=\"tab-title\" data-tab-id=\"mar\">Mar<\/h3>\n<div id=\"tab-mar\" class=\"tab-content\">\n<table border=\"1\" cellspacing=\"0\">\n<colgroup>\n<col width=\"127\" \/>\n<col width=\"116\" \/>\n<col width=\"374\" \/>\n<col width=\"257\" \/>\n<col width=\"143\" \/><\/colgroup>\n<tbody>\n<tr>\n<td colspan=\"5\" align=\"LEFT\" valign=\"MIDDLE\" width=\"1017\" height=\"40\"><strong>Refer\u00eancia: Mar\u00e7o 2012.<\/strong><\/td>\n<\/tr>\n<tr>\n<td align=\"CENTER\" valign=\"MIDDLE\" height=\"34\"><strong>N\u00ba. PROCESSO<\/strong><\/td>\n<td align=\"CENTER\" valign=\"MIDDLE\"><strong>MODALIDADE<\/strong><\/td>\n<td align=\"CENTER\" valign=\"MIDDLE\"><strong>OBJETO<\/strong><\/td>\n<td align=\"CENTER\" valign=\"MIDDLE\"><strong>FORNECEDOR<\/strong><\/td>\n<td align=\"CENTER\" valign=\"MIDDLE\"><strong>ORIGEM<\/strong><\/td>\n<\/tr>\n<tr>\n<td align=\"CENTER\" valign=\"MIDDLE\" height=\"49\">001\/2012<\/td>\n<td align=\"CENTER\" valign=\"MIDDLE\">Dispensa<\/td>\n<td align=\"CENTER\" valign=\"MIDDLE\">Aquisi\u00e7\u00e3o e instala\u00e7\u00e3o de uma central de PABX para uso da Funda\u00e7\u00e3o Florestan Fernandes<\/td>\n<td align=\"CENTER\" valign=\"MIDDLE\">Emtel Telecominica\u00e7\u00f5es Com Servi\u00e7o Ltda.<\/td>\n<td align=\"CENTER\" valign=\"MIDDLE\">Contrato 001\/2012<\/td>\n<\/tr>\n<tr>\n<td align=\"CENTER\" valign=\"MIDDLE\" height=\"46\">004\/2012<\/td>\n<td align=\"CENTER\" valign=\"MIDDLE\">Dispensa<\/td>\n<td align=\"CENTER\" valign=\"MIDDLE\">Aquisi\u00e7\u00e3o de material para o curso de jardinagem e paisagismo<\/td>\n<td align=\"CENTER\" valign=\"MIDDLE\">Marcio Tadeu Ronza EPP<\/td>\n<td align=\"CENTER\" valign=\"MIDDLE\"><\/td>\n<\/tr>\n<tr>\n<td align=\"CENTER\" valign=\"MIDDLE\" height=\"48\">005\/2012<\/td>\n<td align=\"CENTER\" valign=\"MIDDLE\">Dispensa<\/td>\n<td align=\"CENTER\" valign=\"MIDDLE\">Aquisi\u00e7\u00e3o de material para o curso de gesso acartonado.<\/td>\n<td align=\"CENTER\" valign=\"MIDDLE\">Virginia Elaine Pires Pirondi &#8211; ME.<\/td>\n<td align=\"CENTER\" valign=\"MIDDLE\"><\/td>\n<\/tr>\n<tr>\n<td align=\"CENTER\" valign=\"MIDDLE\" height=\"48\">008\/2012<\/td>\n<td align=\"CENTER\" valign=\"MIDDLE\">Dispensa<\/td>\n<td align=\"CENTER\" valign=\"MIDDLE\">Aquisi\u00e7\u00e3o de materiais el\u00e9tricos para os cursos e uso da Funda\u00e7\u00e3o Florestan Fernandes<\/td>\n<td align=\"CENTER\" valign=\"MIDDLE\">A &amp; J Empreendimentos Comerciais Ltda EPP<\/td>\n<td align=\"CENTER\" valign=\"MIDDLE\"><\/td>\n<\/tr>\n<tr>\n<td align=\"CENTER\" valign=\"MIDDLE\" height=\"46\">013\/2012<\/td>\n<td align=\"CENTER\" valign=\"MIDDLE\">Dispensa<\/td>\n<td align=\"CENTER\" valign=\"MIDDLE\">Aquisi\u00e7\u00e3o de materiais de inform\u00e1tica para os cursos da Funda\u00e7\u00e3o Florestan Fernandes.<\/td>\n<td align=\"CENTER\" valign=\"MIDDLE\">F\u00e1bio Vieira Inform\u00e1tica ME<\/td>\n<td align=\"CENTER\" valign=\"MIDDLE\"><\/td>\n<\/tr>\n<tr>\n<td align=\"CENTER\" valign=\"MIDDLE\" height=\"70\">014\/2012<\/td>\n<td align=\"CENTER\" valign=\"MIDDLE\">Dispensa<\/td>\n<td align=\"CENTER\" valign=\"MIDDLE\">Aquisi\u00e7\u00e3o de \u00f3leos essenciais para a \u00e1rea de terapias naturais<\/td>\n<td align=\"CENTER\" valign=\"MIDDLE\">WNF Industria e Com. Ltda., Campestre Industria e Com. De \u00d3leos Vegerais Ltda. e Bioaccus Com. De produtos terapeuticos Ltda.<\/td>\n<td align=\"CENTER\" valign=\"MIDDLE\"><\/td>\n<\/tr>\n<tr>\n<td align=\"CENTER\" valign=\"MIDDLE\" height=\"71\">015\/2012<\/td>\n<td align=\"CENTER\" valign=\"MIDDLE\">Dispensa<\/td>\n<td align=\"CENTER\" valign=\"MIDDLE\">Contrata\u00e7\u00e3o de empresa para manuten\u00e7\u00e3o de bombas de recalque e bombas submersas e painel de comando.<\/td>\n<td align=\"CENTER\" valign=\"MIDDLE\">MCA Bombas Ind\u00fastria e Com\u00e9rcio Ltda EPP<\/td>\n<td align=\"CENTER\" valign=\"MIDDLE\"><\/td>\n<\/tr>\n<tr>\n<td align=\"CENTER\" valign=\"MIDDLE\" height=\"63\">020\/2012<\/td>\n<td align=\"CENTER\" valign=\"MIDDLE\">Dispensa<\/td>\n<td align=\"CENTER\" valign=\"MIDDLE\">Manuten\u00e7\u00e3o de alicates.<\/td>\n<td align=\"CENTER\" valign=\"MIDDLE\">PCM Afia\u00e7\u00e3o, ind\u00fastria e com\u00e9rcio de ferramentas Ltda.<\/td>\n<td align=\"CENTER\" valign=\"MIDDLE\"><\/td>\n<\/tr>\n<tr>\n<td align=\"CENTER\" valign=\"MIDDLE\" height=\"53\">021\/2012<\/td>\n<td align=\"CENTER\" valign=\"MIDDLE\">Preg\u00e3o Presencial<\/td>\n<td align=\"CENTER\" valign=\"MIDDLE\">Presta\u00e7\u00e3o de servi\u00e7o em assessoria em Linguagem Brasileira de Sinais &#8211; LIBRAS<\/td>\n<td align=\"CENTER\" valign=\"MIDDLE\">INCLUE CONSULTORIA, INTERPRETA\u00c7\u00c3O E TREINAMENTO LTDA.<\/td>\n<td align=\"CENTER\" valign=\"MIDDLE\"><\/td>\n<\/tr>\n<tr>\n<td align=\"CENTER\" valign=\"MIDDLE\" height=\"36\">022\/2012<\/td>\n<td align=\"CENTER\" valign=\"MIDDLE\">Dispensa<\/td>\n<td align=\"CENTER\" valign=\"MIDDLE\">Aquisi\u00e7\u00e3o de ventiladores.<\/td>\n<td align=\"CENTER\" valign=\"MIDDLE\">Fabio Pereira da Silva- Comercial \u2013 EPP.<\/td>\n<td align=\"CENTER\" valign=\"MIDDLE\"><\/td>\n<\/tr>\n<tr>\n<td align=\"CENTER\" valign=\"MIDDLE\" height=\"85\">023\/2012<\/td>\n<td align=\"CENTER\" valign=\"MIDDLE\">Carta Convite<\/td>\n<td align=\"CENTER\" valign=\"MIDDLE\">Contrata\u00e7\u00e3o de profissional especializado para presta\u00e7\u00e3o de servi\u00e7os na \u00e1rea cont\u00e1bil para executar a contabilidade geral e operacionalizar a contabilidade da Funda\u00e7\u00e3o Florestan Fernandes<\/td>\n<td align=\"CENTER\" valign=\"MIDDLE\">Adilson Nascimento de Oliveira<\/td>\n<td align=\"CENTER\" valign=\"MIDDLE\">Contrato 002\/2012<\/td>\n<\/tr>\n<tr>\n<td align=\"CENTER\" valign=\"MIDDLE\" height=\"90\">023\/2012<\/td>\n<td align=\"CENTER\" valign=\"MIDDLE\">Carta Convite<\/td>\n<td align=\"CENTER\" valign=\"MIDDLE\">Contrata\u00e7\u00e3o de profissional especializado para presta\u00e7\u00e3o de servi\u00e7os na \u00e1rea cont\u00e1bil para executar a contabilidade geral e operacionalizar a contabilidade da Funda\u00e7\u00e3o Florestan Fernandes<\/td>\n<td align=\"CENTER\" valign=\"MIDDLE\">Adilson Nascimento de Oliveira<\/td>\n<td align=\"CENTER\" valign=\"MIDDLE\">Rescis\u00e3o Contratual Amig\u00e1vel<\/td>\n<\/tr>\n<tr>\n<td align=\"CENTER\" valign=\"MIDDLE\" height=\"65\">028\/2012<\/td>\n<td align=\"CENTER\" valign=\"MIDDLE\">Dispensa<\/td>\n<td align=\"CENTER\" valign=\"MIDDLE\">Contrata\u00e7\u00e3o de empresa especializada para encaderna\u00e7\u00e3o dos livros cont\u00e1beis.<\/td>\n<td align=\"CENTER\" valign=\"MIDDLE\">Uau Copiadora Ltda. ME<\/td>\n<td align=\"CENTER\" valign=\"MIDDLE\"><\/td>\n<\/tr>\n<tr>\n<td align=\"CENTER\" valign=\"MIDDLE\" height=\"102\">026\/2012<\/td>\n<td align=\"CENTER\" valign=\"MIDDLE\">Conv\u00eanio &#8211; Chamamento P\u00fablico<\/td>\n<td align=\"CENTER\" valign=\"MIDDLE\">Realiza\u00e7\u00e3o de programas de Forma\u00e7\u00e3o Profissional, por meio de projetos de qualifica\u00e7\u00e3o, requalifica\u00e7\u00e3o e de outros programas ligados ao mundo do trabalho, necess\u00e1rios ao desenvolvimento destinado a jovens maiores de 14 anos e adultos.<\/td>\n<td align=\"CENTER\" valign=\"MIDDLE\">ASSOCIA\u00c7\u00c3O BENEFICENTE NOVA CONQUISTA &#8211; ABENCO<\/td>\n<td align=\"CENTER\" valign=\"MIDDLE\">Termo de Supress\u00e3o<\/td>\n<\/tr>\n<tr>\n<td align=\"CENTER\" valign=\"MIDDLE\" height=\"92\">151\/2009<\/td>\n<td align=\"CENTER\" valign=\"MIDDLE\">Conv\u00eanio &#8211; Chamamento P\u00fablico<\/td>\n<td align=\"CENTER\" valign=\"MIDDLE\">Desenvolvimento dos programas de qualifica\u00e7\u00e3o e requalifica\u00e7\u00e3o profissional da Funda\u00e7\u00e3o Florestan Fernandes nas \u00e1reas Administrativas, Beleza, Gastronomia e Constru\u00e7\u00e3o Civil<\/td>\n<td align=\"CENTER\" valign=\"MIDDLE\">N\u00facleo Educacional da Santa Casa de Diadema<\/td>\n<td align=\"CENTER\" valign=\"MIDDLE\">Termo de Supress\u00e3o<\/td>\n<\/tr>\n<\/tbody>\n<\/table>\n<div id=\"_mcePaste\"><\/div>\n<\/div>\n<\/div>\n<div class=\"tab\">\n<h3 class=\"tab-title\" data-tab-id=\"abr\">Abr<\/h3>\n<div id=\"tab-abr\" class=\"tab-content\">\n<table border=\"1\" cellspacing=\"0\">\n<colgroup>\n<col width=\"135\" \/>\n<col width=\"207\" \/>\n<col width=\"372\" \/>\n<col width=\"192\" \/>\n<col width=\"169\" \/><\/colgroup>\n<tbody>\n<tr>\n<td colspan=\"5\" align=\"LEFT\" valign=\"MIDDLE\" width=\"1076\" height=\"43\"><strong>ABRIL 2012<\/strong><\/td>\n<\/tr>\n<tr>\n<td align=\"CENTER\" valign=\"MIDDLE\" height=\"58\"><strong>N\u00ba. PROCESSO<\/strong><\/td>\n<td align=\"CENTER\" valign=\"MIDDLE\"><strong>MODALIDADE<\/strong><\/td>\n<td align=\"CENTER\" valign=\"MIDDLE\"><strong>OBJETO<\/strong><\/td>\n<td align=\"CENTER\" valign=\"MIDDLE\"><strong>FORNECEDOR<\/strong><\/td>\n<td align=\"CENTER\" valign=\"MIDDLE\"><strong>ORIGEM<\/strong><\/td>\n<\/tr>\n<tr>\n<td align=\"CENTER\" valign=\"MIDDLE\" height=\"80\">030\/2012<\/td>\n<td align=\"CENTER\" valign=\"MIDDLE\">Dispensa de Licita\u00e7\u00e3o<\/td>\n<td align=\"CENTER\" valign=\"MIDDLE\">Aquisi\u00e7\u00e3o de bonecos anat\u00f4micos para uso nos cursos da Funda\u00e7\u00e3o Florestan Fernandes<\/td>\n<td align=\"CENTER\" valign=\"MIDDLE\">Roster Equipamentos para Laborat\u00f3rio Ltda<\/td>\n<td align=\"CENTER\" valign=\"MIDDLE\"><\/td>\n<\/tr>\n<tr>\n<td align=\"CENTER\" valign=\"MIDDLE\" height=\"52\">035\/2012<\/td>\n<td align=\"CENTER\" valign=\"MIDDLE\">Dispensa de Licita\u00e7\u00e3o<\/td>\n<td align=\"CENTER\" valign=\"MIDDLE\">Aquisi\u00e7\u00e3o de artigos esportivos para uso nos cursos da Funda\u00e7\u00e3o Florestan Fernandes<\/td>\n<td align=\"CENTER\" valign=\"MIDDLE\">Palombo Sports Ltda<\/td>\n<td align=\"CENTER\" valign=\"MIDDLE\"><\/td>\n<\/tr>\n<tr>\n<td align=\"CENTER\" valign=\"MIDDLE\" height=\"98\">036\/2012<\/td>\n<td align=\"CENTER\" valign=\"MIDDLE\">Carta Convite<\/td>\n<td align=\"CENTER\" valign=\"MIDDLE\">Contrata\u00e7\u00e3o de profissional especializado para presta\u00e7\u00e3o de servi\u00e7os na \u00e1rea cont\u00e1bil para executar a contabilidade geral e operacionalizar a contabilidade da Funda\u00e7\u00e3o Florestan Fernandes<\/td>\n<td align=\"CENTER\" valign=\"MIDDLE\">Eliane Batista dos Anjos<\/td>\n<td align=\"CENTER\" valign=\"MIDDLE\">Contrato N\u00ba 004\/2012<\/td>\n<\/tr>\n<\/tbody>\n<\/table>\n<\/div>\n<\/div>\n<div class=\"tab\">\n<h3 class=\"tab-title\" data-tab-id=\"mai\">Mai<\/h3>\n<div id=\"tab-mai\" class=\"tab-content\">\n<table border=\"1\" cellspacing=\"0\">\n<colgroup>\n<col width=\"139\" \/>\n<col width=\"164\" \/>\n<col width=\"251\" \/>\n<col width=\"170\" \/>\n<col width=\"132\" \/><\/colgroup>\n<tbody>\n<tr>\n<td colspan=\"5\" align=\"LEFT\" valign=\"MIDDLE\" width=\"856\" height=\"20\"><strong>Refer\u00eancia: Maio 2012.<\/strong><\/td>\n<\/tr>\n<tr>\n<td align=\"CENTER\" valign=\"MIDDLE\" height=\"20\"><strong>N\u00ba. PROCESSO<\/strong><\/td>\n<td align=\"CENTER\" valign=\"MIDDLE\"><strong>MODALIDADE<\/strong><\/td>\n<td align=\"CENTER\" valign=\"MIDDLE\"><strong>OBJETO<\/strong><\/td>\n<td align=\"CENTER\" valign=\"MIDDLE\"><strong>FORNECEDOR<\/strong><\/td>\n<td align=\"CENTER\" valign=\"MIDDLE\"><strong>ORIGEM<\/strong><\/td>\n<\/tr>\n<tr>\n<td align=\"CENTER\" valign=\"MIDDLE\" height=\"68\">002\/2012<\/td>\n<td align=\"CENTER\" valign=\"MIDDLE\">Preg\u00e3o<\/td>\n<td align=\"CENTER\">Contrata\u00e7\u00e3o de empresa especializada em Telefonia Fixa<\/td>\n<td align=\"CENTER\" valign=\"MIDDLE\">America Net Ltda<\/td>\n<td align=\"CENTER\" valign=\"MIDDLE\"><\/td>\n<\/tr>\n<tr>\n<td>031\/2012<\/td>\n<td>Dispensa de Licita\u00e7\u00e3o<\/td>\n<td>&nbsp;<\/p>\n<p>Aquisi\u00e7\u00e3o de produtos cir\u00fargicos para uso nos cursos da Funda\u00e7\u00e3o Florestan Fernandes.<\/p>\n<p>&nbsp;<\/td>\n<td>SS Casa Cir\u00fargica Ltda<\/td>\n<td><\/td>\n<\/tr>\n<tr>\n<td>042\/2012<\/td>\n<td>Dispensa de Licita\u00e7\u00e3o<\/td>\n<td>&nbsp;<\/p>\n<p>Presta\u00e7\u00e3o de servi\u00e7o de seguro total de ve\u00edculo oficial, pertencente a Funda\u00e7\u00e3o Florestan Fernandes.<\/td>\n<td>Bradesco Auto\/RE Companhia de Seguros<\/td>\n<td><\/td>\n<\/tr>\n<\/tbody>\n<\/table>\n<\/div>\n<\/div>\n<div class=\"tab\">\n<h3 class=\"tab-title\" data-tab-id=\"jun\">Jun<\/h3>\n<div id=\"tab-jun\" class=\"tab-content\">\n<table border=\"1\" cellspacing=\"0\">\n<colgroup>\n<col width=\"139\" \/>\n<col width=\"164\" \/>\n<col width=\"251\" \/>\n<col width=\"170\" \/>\n<col width=\"132\" \/><\/colgroup>\n<tbody>\n<tr>\n<td colspan=\"5\" align=\"LEFT\" valign=\"MIDDLE\" width=\"856\" height=\"20\"><strong>Refer\u00eancia: Junho 2012.<\/strong><\/td>\n<\/tr>\n<tr>\n<td align=\"CENTER\" valign=\"MIDDLE\" height=\"20\"><strong>N\u00ba. PROCESSO<\/strong><\/td>\n<td align=\"CENTER\" valign=\"MIDDLE\"><strong>MODALIDADE<\/strong><\/td>\n<td align=\"CENTER\" valign=\"MIDDLE\"><strong>OBJETO<\/strong><\/td>\n<td align=\"CENTER\" valign=\"MIDDLE\"><strong>FORNECEDOR<\/strong><\/td>\n<td align=\"CENTER\" valign=\"MIDDLE\"><strong>ORIGEM<\/strong><\/td>\n<\/tr>\n<tr>\n<td align=\"CENTER\" valign=\"MIDDLE\" height=\"68\">039\/2012<\/td>\n<td align=\"CENTER\" valign=\"MIDDLE\">Dispensa de Licita\u00e7\u00e3o<\/td>\n<td align=\"CENTER\">Aquisi\u00e7\u00e3o de materiais de constru\u00e7\u00e3o civil para os cursos da Funda\u00e7\u00e3o Florestan Fernandes<\/td>\n<td align=\"CENTER\" valign=\"MIDDLE\">Disc Alda Com\u00e9rcio de Materiais para Constru\u00e7\u00e3o Ltda<\/td>\n<td align=\"CENTER\" valign=\"MIDDLE\"><\/td>\n<\/tr>\n<tr>\n<td>044\/2012<\/td>\n<td>Dispensa de Licita\u00e7\u00e3o<\/td>\n<td>&nbsp;<\/p>\n<p>Aquisi\u00e7\u00e3o de impressoras e insumos para uso nas \u00e1reas administrativa e pedag\u00f3gica da\u00a0 Funda\u00e7\u00e3o Florestan Fernandes.<\/p>\n<p>&nbsp;<\/td>\n<td>Diller M\u00e1quinas e Suprimentos Ltda<\/td>\n<td><\/td>\n<\/tr>\n<tr>\n<td>027\/2011<\/td>\n<td>Carta Convite \u2013 Segundo Termo Aditivo<\/td>\n<td>&nbsp;<\/p>\n<p>Presta\u00e7\u00e3o de Servi\u00e7o de Assessoria em Artes voltadas para a Cultura Popular enfocando o acervo MAP<\/p>\n<p>&nbsp;<\/td>\n<td>ANDR\u00c9IA DE ALCANTARA<\/td>\n<td><\/td>\n<\/tr>\n<\/tbody>\n<\/table>\n<\/div>\n<\/div>\n<div class=\"tab\">\n<h3 class=\"tab-title\" data-tab-id=\"jul\">Jul<\/h3>\n<div id=\"tab-jul\" class=\"tab-content\">\n<table border=\"1\" cellspacing=\"0\">\n<colgroup>\n<col width=\"135\" \/>\n<col width=\"207\" \/>\n<col width=\"333\" \/>\n<col width=\"208\" \/>\n<col width=\"169\" \/><\/colgroup>\n<tbody>\n<tr>\n<td colspan=\"5\" align=\"LEFT\" valign=\"MIDDLE\" width=\"1052\" height=\"29\"><strong>Refer\u00eancia: Julho 2012.<\/strong><\/td>\n<\/tr>\n<tr>\n<td align=\"CENTER\" valign=\"MIDDLE\" height=\"19\"><strong>N\u00ba. PROCESSO<\/strong><\/td>\n<td align=\"CENTER\" valign=\"MIDDLE\"><strong>MODALIDADE<\/strong><\/td>\n<td align=\"CENTER\" valign=\"MIDDLE\"><strong>OBJETO<\/strong><\/td>\n<td align=\"CENTER\" valign=\"MIDDLE\"><strong>FORNECEDOR<\/strong><\/td>\n<td align=\"CENTER\" valign=\"MIDDLE\"><strong>ORIGEM<\/strong><\/td>\n<\/tr>\n<tr>\n<td align=\"CENTER\" valign=\"MIDDLE\" height=\"118\">026\/2012<\/td>\n<td align=\"CENTER\" valign=\"MIDDLE\">Preg\u00e3o Presencial<\/td>\n<td align=\"CENTER\" valign=\"MIDDLE\">Contrata\u00e7\u00e3o de profissional para ministrar oficinas\/cursos na disciplina do l\u00fadico para coordenadores, professores, educadores, articuladores, estagi\u00e1rios e alunos vinculados aos programas e projetos da Secretaria de educa\u00e7\u00e3o<\/td>\n<td align=\"CENTER\" valign=\"MIDDLE\">MANUELLY GRIN\u00c9 RODRIGUES<\/td>\n<td align=\"CENTER\" valign=\"MIDDLE\">Contrato n\u00ba. 007\/2012<\/td>\n<\/tr>\n<tr>\n<td align=\"CENTER\" valign=\"MIDDLE\" height=\"81\">027\/2012<\/td>\n<td align=\"CENTER\" valign=\"MIDDLE\">Preg\u00e3o Presencial<\/td>\n<td align=\"CENTER\" valign=\"MIDDLE\">Presta\u00e7\u00e3o de servi\u00e7o de cursos de qualifica\u00e7\u00e3o e requalifica\u00e7\u00e3o social e profissional referente \u00e0s a\u00e7\u00f5es da Funda\u00e7\u00e3o Florestan Fernandes<\/td>\n<td align=\"CENTER\" valign=\"MIDDLE\">CENTRO DE INCLUS\u00c3O DIGITAL E APRENDIZAGEM PROFISSIONAL<\/td>\n<td align=\"CENTER\" valign=\"MIDDLE\">Contrato n\u00ba. 006\/2012<\/td>\n<\/tr>\n<tr>\n<td align=\"CENTER\" valign=\"MIDDLE\" height=\"84\">041\/2012<\/td>\n<td align=\"CENTER\" valign=\"MIDDLE\">Dispensa de Licita\u00e7\u00e3o<\/td>\n<td align=\"CENTER\" valign=\"MIDDLE\">Fornecimento de materiais descart\u00e1veis para uso nos cursos e uso administrativo da Funda\u00e7\u00e3o Florestan Fernandes<\/td>\n<td align=\"CENTER\" valign=\"MIDDLE\">SOMALIMP COMERCIO DE PRODUTOS DE HIGIENE E LIMPEZA LTDA ME<\/td>\n<td align=\"CENTER\" valign=\"MIDDLE\"><\/td>\n<\/tr>\n<\/tbody>\n<\/table>\n<\/div>\n<\/div>\n<div class=\"tab\">\n<h3 class=\"tab-title\" data-tab-id=\"ago\">Ago<\/h3>\n<div id=\"tab-ago\" class=\"tab-content\">\n<table border=\"1\" cellspacing=\"0\">\n<colgroup>\n<col width=\"135\" \/>\n<col width=\"168\" \/>\n<col width=\"301\" \/>\n<col width=\"153\" \/>\n<col width=\"131\" \/><\/colgroup>\n<tbody>\n<tr>\n<td colspan=\"5\" align=\"LEFT\" valign=\"MIDDLE\" width=\"888\" height=\"41\"><strong>Refer\u00eancia: Agosto 2012.<\/strong><\/td>\n<\/tr>\n<tr>\n<td align=\"CENTER\" valign=\"MIDDLE\" height=\"20\">N\u00ba. PROCESSO<\/td>\n<td align=\"CENTER\" valign=\"MIDDLE\">MODALIDADE<\/td>\n<td align=\"CENTER\" valign=\"MIDDLE\">OBJETO<\/td>\n<td align=\"CENTER\" valign=\"MIDDLE\">FORNECEDOR<\/td>\n<td align=\"CENTER\" valign=\"MIDDLE\">ORIGEM<\/td>\n<\/tr>\n<tr>\n<td align=\"CENTER\" valign=\"MIDDLE\" height=\"158\">046\/2012<\/td>\n<td align=\"CENTER\" valign=\"MIDDLE\">Preg\u00e3o Presencial n\u00ba. 012\/2012<\/td>\n<td align=\"CENTER\" valign=\"MIDDLE\">Contrata\u00e7\u00e3o de profissional especializado para assessorar na elabora\u00e7\u00e3o e sistematiza\u00e7\u00e3o da proposta curricular de ensino fundamental de 09 anos e desenvolvimento da forma\u00e7\u00e3o das equipes t\u00e9cnicas e gestoras da Secretaria Municipal de Educa\u00e7\u00e3o<\/td>\n<td align=\"CENTER\" valign=\"MIDDLE\">MARCIA CRISTINA DE OLIVEIRA<\/td>\n<td align=\"CENTER\" valign=\"MIDDLE\">Contrato n\u00ba. 008\/2012<\/td>\n<\/tr>\n<tr>\n<td align=\"CENTER\" valign=\"MIDDLE\" height=\"62\">047\/2012<\/td>\n<td align=\"CENTER\" valign=\"MIDDLE\">Dispensa de Licita\u00e7\u00e3o n\u00ba. 001\/2012 Art. 24 Inciso XIII<\/td>\n<td align=\"CENTER\" valign=\"MIDDLE\">Contrata\u00e7\u00e3o de empresa para presta\u00e7\u00e3o de servi\u00e7o de planejamento, operacionaliza\u00e7\u00e3o e execu\u00e7\u00e3o de concurso p\u00fablico para provimento de vagas e forma\u00e7\u00e3o de cadastro de reserva para a Funda\u00e7\u00e3o Florestan Fernandes<\/td>\n<td align=\"CENTER\" valign=\"MIDDLE\">INSTITUTO ZAMBINI<\/td>\n<td align=\"CENTER\" valign=\"MIDDLE\">Contrato n\u00ba. 009\/2012<\/td>\n<\/tr>\n<tr>\n<td align=\"CENTER\" valign=\"MIDDLE\" height=\"88\">049\/2012<\/td>\n<td align=\"CENTER\" valign=\"MIDDLE\">Dispensa de Licita\u00e7\u00e3o<\/td>\n<td align=\"CENTER\" valign=\"MIDDLE\">Contrata\u00e7\u00e3o de empresa para recarga de extintores de inc\u00eandio<\/td>\n<td align=\"CENTER\" valign=\"MIDDLE\">C.R.E. Com\u00e9rcio e Recargas de Extintores Ltda<\/td>\n<td align=\"CENTER\" valign=\"MIDDLE\"><\/td>\n<\/tr>\n<\/tbody>\n<\/table>\n<div id=\"_mcePaste\"><\/div>\n<\/div>\n<\/div>\n<div class=\"tab\">\n<h3 class=\"tab-title\" data-tab-id=\"set\">Set<\/h3>\n<div id=\"tab-set\" class=\"tab-content\">\n<table border=\"1\" cellspacing=\"0\">\n<colgroup>\n<col width=\"135\" \/>\n<col width=\"207\" \/>\n<col width=\"260\" \/>\n<col width=\"192\" \/>\n<col width=\"136\" \/><\/colgroup>\n<tbody>\n<tr>\n<td colspan=\"5\" align=\"LEFT\" valign=\"MIDDLE\" width=\"931\" height=\"20\"><strong>Refer\u00eancia: Setembro 2012.<\/strong><\/td>\n<\/tr>\n<tr>\n<td align=\"CENTER\" valign=\"MIDDLE\" height=\"20\"><strong>N\u00ba. PROCESSO<\/strong><\/td>\n<td align=\"CENTER\" valign=\"MIDDLE\"><strong>TIPO DE LICITA\u00c7\u00c3O<\/strong><\/td>\n<td align=\"CENTER\" valign=\"MIDDLE\"><strong>OBJETO<\/strong><\/td>\n<td align=\"CENTER\" valign=\"MIDDLE\"><strong>FORNECEDOR<\/strong><\/td>\n<td align=\"CENTER\" valign=\"MIDDLE\"><strong>ORIGEM<\/strong><\/td>\n<\/tr>\n<tr>\n<td align=\"CENTER\" valign=\"MIDDLE\" height=\"51\">018\/2012<\/td>\n<td align=\"CENTER\" valign=\"MIDDLE\">Dispensa de Licita\u00e7\u00e3o<\/td>\n<td align=\"CENTER\" valign=\"MIDDLE\">Contrata\u00e7\u00e3o de empresa especializada para manuten\u00e7\u00e3o de macas<\/td>\n<td align=\"CENTER\" valign=\"MIDDLE\">Clenilce de Fran\u00e7a Pinheiro 00378904337<\/td>\n<td align=\"CENTER\" valign=\"MIDDLE\"><\/td>\n<\/tr>\n<tr>\n<td align=\"CENTER\" valign=\"MIDDLE\" height=\"93\">048\/2012<\/td>\n<td align=\"CENTER\" valign=\"MIDDLE\">Dispensa<\/td>\n<td align=\"CENTER\" valign=\"MIDDLE\">Confec\u00e7\u00e3o e instala\u00e7\u00e3o de rampa de acesso para atender a mobilidade interna no sagu\u00e3o de entrada e corrim\u00e3o no lance de escada do sagu\u00e3o que d\u00e1 acesso a \u00e1rea administrativa da Funda\u00e7\u00e3o Florestan Fernandes<\/td>\n<td align=\"CENTER\" valign=\"MIDDLE\">OSEIAS DUARTE FERREIRA 27177778810<\/td>\n<td align=\"CENTER\" valign=\"MIDDLE\">Contrato n\u00ba. 010\/2012<\/td>\n<\/tr>\n<\/tbody>\n<\/table>\n<div id=\"_mcePaste\"><\/div>\n<\/div>\n<\/div>\n<div class=\"tab\">\n<h3 class=\"tab-title\" data-tab-id=\"out\">Out<\/h3>\n<div id=\"tab-out\" class=\"tab-content\">\n<table border=\"1\" cellspacing=\"0\">\n<colgroup>\n<col width=\"135\" \/>\n<col width=\"250\" \/>\n<col width=\"410\" \/>\n<col width=\"231\" \/>\n<col width=\"211\" \/><\/colgroup>\n<tbody>\n<tr>\n<td colspan=\"5\" align=\"LEFT\" valign=\"MIDDLE\" width=\"1237\" height=\"50\"><strong>REFERENTE: LICITA\u00c7\u00d5ES OUTUBRO 2012.<\/strong><\/td>\n<\/tr>\n<tr>\n<td align=\"CENTER\" valign=\"MIDDLE\" height=\"33\"><strong>N\u00ba. PROCESSO<\/strong><\/td>\n<td align=\"CENTER\" valign=\"MIDDLE\"><strong>MODALIDADE<\/strong><\/td>\n<td align=\"CENTER\" valign=\"MIDDLE\"><strong>OBJETO<\/strong><\/td>\n<td align=\"CENTER\" valign=\"MIDDLE\"><strong>FORNECEDOR<\/strong><\/td>\n<td align=\"CENTER\" valign=\"MIDDLE\"><strong>ORIGEM<\/strong><\/td>\n<\/tr>\n<tr>\n<td align=\"CENTER\" valign=\"MIDDLE\" height=\"111\">050\/2012<\/td>\n<td align=\"CENTER\" valign=\"MIDDLE\">Dispensa de Licita\u00e7\u00e3o<\/td>\n<td align=\"CENTER\" valign=\"MIDDLE\">Contrata\u00e7\u00e3o de empresa para fornecimento e instala\u00e7\u00e3o de exaustores nos sanit\u00e1rios dos pisos -2 e -4 da Funda\u00e7\u00e3o Florestan Fernandes<\/td>\n<td align=\"CENTER\" valign=\"MIDDLE\">F\u00e1bio Pereira da Silva Comercial EPP<\/td>\n<td align=\"CENTER\" valign=\"MIDDLE\"><\/td>\n<\/tr>\n<tr>\n<td align=\"CENTER\" valign=\"MIDDLE\" height=\"98\">051\/2012<\/td>\n<td align=\"CENTER\" valign=\"MIDDLE\">Dispensa de Licita\u00e7\u00e3o<\/td>\n<td align=\"CENTER\" valign=\"MIDDLE\">Aquisi\u00e7\u00e3o de tapetes personalizados para o sagu\u00e3o de entrada nas depend\u00eancias da Funda\u00e7\u00e3o Florestan Fernandes<\/td>\n<td align=\"CENTER\" valign=\"MIDDLE\">Ind\u00fastria de Tapetes Brasil Ltda EPP<\/td>\n<td align=\"CENTER\" valign=\"MIDDLE\"><\/td>\n<\/tr>\n<tr>\n<td align=\"CENTER\" valign=\"MIDDLE\" height=\"153\">052\/2012<\/td>\n<td align=\"CENTER\" valign=\"MIDDLE\">Dispensa de Licita\u00e7\u00e3o<\/td>\n<td align=\"CENTER\" valign=\"MIDDLE\">Contrata\u00e7\u00e3o de consultoria especializada para realizar todos os procedimentos necess\u00e1rios para garantir a perfeita funcionalidade da internet nos microcomputadores da sede da Funda\u00e7\u00e3o Florestan Fernandes<\/td>\n<td align=\"CENTER\" valign=\"MIDDLE\">NYEDSON COM. E SERV. EM TECNOLOGIA DA INFORMA\u00c7\u00c3O LTDA.<\/td>\n<td align=\"CENTER\" valign=\"MIDDLE\">Contrato n\u00ba. 011\/2012<\/td>\n<\/tr>\n<tr>\n<td align=\"CENTER\" valign=\"MIDDLE\" height=\"88\">055\/2012<\/td>\n<td align=\"CENTER\" valign=\"MIDDLE\">Inexigibilidade de Licita\u00e7\u00e3o<\/td>\n<td align=\"CENTER\" valign=\"MIDDLE\">Contrata\u00e7\u00e3o de empresa especializada para a substitui\u00e7\u00e3o de polia, eixo e rolamentos do contra-peso do elevador marca Atlas Schindler<\/td>\n<td align=\"CENTER\" valign=\"MIDDLE\">Elevadores Atlas S.A.<\/td>\n<td align=\"CENTER\" valign=\"MIDDLE\"><\/td>\n<\/tr>\n<tr>\n<td align=\"CENTER\" valign=\"MIDDLE\" height=\"109\">056\/2012<\/td>\n<td align=\"CENTER\" valign=\"MIDDLE\">Dispensa de Licita\u00e7\u00e3o<\/td>\n<td align=\"CENTER\" valign=\"MIDDLE\">Aquisi\u00e7\u00e3o de ferramentas para uso nos cursos de instala\u00e7\u00e3o e configura\u00e7\u00e3o de redes e montagem e manuten\u00e7\u00e3o de computadores<\/td>\n<td align=\"CENTER\" valign=\"MIDDLE\">Disc Alda Com\u00e9rcio de Materiais para Constru\u00e7\u00e3o Ltda.<\/td>\n<td align=\"CENTER\" valign=\"MIDDLE\"><\/td>\n<\/tr>\n<tr>\n<td align=\"CENTER\" valign=\"MIDDLE\" height=\"111\">057\/2012<\/td>\n<td align=\"CENTER\" valign=\"MIDDLE\">Dispensa de Licita\u00e7\u00e3o<\/td>\n<td align=\"CENTER\" valign=\"MIDDLE\">Aquisi\u00e7\u00e3o de materiais permanentes de inform\u00e1tica para uso nos cursos de instala\u00e7\u00e3o e configura\u00e7\u00e3o de redes e montagem e manuten\u00e7\u00e3o de computadores<\/td>\n<td align=\"CENTER\" valign=\"MIDDLE\">AACT Comercio e Servi\u00e7os Ltda. EPP<\/td>\n<td align=\"CENTER\" valign=\"MIDDLE\"><\/td>\n<\/tr>\n<\/tbody>\n<\/table>\n<div id=\"_mcePaste\"><\/div>\n<\/div>\n<\/div>\n<div class=\"tab\">\n<h3 class=\"tab-title\" data-tab-id=\"nov\">Nov<\/h3>\n<div id=\"tab-nov\" class=\"tab-content\">\n<table border=\"1\" cellspacing=\"0\">\n<colgroup>\n<col width=\"135\" \/>\n<col width=\"207\" \/>\n<col width=\"307\" \/>\n<col width=\"192\" \/>\n<col width=\"169\" \/><\/colgroup>\n<tbody>\n<tr>\n<td colspan=\"5\" align=\"LEFT\" valign=\"MIDDLE\" width=\"1011\" height=\"37\"><strong>Refer\u00eancia: Novembro 2012.<\/strong><\/td>\n<\/tr>\n<tr>\n<td align=\"CENTER\" valign=\"MIDDLE\" height=\"20\">N\u00ba. PROCESSO<\/td>\n<td align=\"CENTER\" valign=\"MIDDLE\">MODALIDADE<\/td>\n<td align=\"CENTER\" valign=\"MIDDLE\">OBJETO<\/td>\n<td align=\"CENTER\" valign=\"MIDDLE\">FORNECEDOR<\/td>\n<td align=\"CENTER\" valign=\"MIDDLE\">ORIGEM<\/td>\n<\/tr>\n<tr>\n<td align=\"CENTER\" valign=\"MIDDLE\" height=\"133\">003\/2012<\/td>\n<td align=\"CENTER\" valign=\"MIDDLE\">Preg\u00e3o Presencial<\/td>\n<td align=\"CENTER\" valign=\"MIDDLE\">Contrata\u00e7\u00e3o de Empresa para Presta\u00e7\u00e3o de Servi\u00e7os de Comunica\u00e7\u00e3o de Dados, Por Meio de Conex\u00e3o IP Dedicado Internet para a Funda\u00e7\u00e3o Florestan Fernandes.<\/td>\n<td align=\"CENTER\" valign=\"MIDDLE\">ABC Net Telecomunica\u00e7\u00f5es e Tecnologia Ltda.<\/td>\n<td align=\"CENTER\" valign=\"MIDDLE\">Contrato n\u00ba. 014\/2012<\/td>\n<\/tr>\n<tr>\n<td align=\"CENTER\" valign=\"MIDDLE\" height=\"77\">033\/2012<\/td>\n<td align=\"CENTER\" valign=\"MIDDLE\">Dispensa de Licita\u00e7\u00e3o<\/td>\n<td align=\"CENTER\">Aquisi\u00e7\u00e3o de equipamentos el\u00e9tricos e eletr\u00f4nicos para uso nos cursos da Funda\u00e7\u00e3o Florestan Fernandes<\/td>\n<td align=\"CENTER\">Guaruvolts Aquecimento El\u00e9trico Ltda ME<\/td>\n<td align=\"CENTER\" valign=\"MIDDLE\"><\/td>\n<\/tr>\n<tr>\n<td align=\"CENTER\" valign=\"MIDDLE\" height=\"87\">053\/2012<\/td>\n<td align=\"CENTER\" valign=\"MIDDLE\">Carta Convite<\/td>\n<td align=\"CENTER\">Contrata\u00e7\u00e3o de profissional para consultoria e assessoria jur\u00eddica nos diversos segmentos do direito para a Funda\u00e7\u00e3o Florestan Fernandes<\/td>\n<td align=\"CENTER\" valign=\"MIDDLE\"><\/td>\n<td align=\"CENTER\" valign=\"MIDDLE\">Contrato n\u00ba. 013\/2012<\/td>\n<\/tr>\n<\/tbody>\n<\/table>\n<div id=\"_mcePaste\"><\/div>\n<\/div>\n<\/div>\n<div class=\"tab\">\n<h3 class=\"tab-title\" data-tab-id=\"dez\">Dez<\/h3>\n<div id=\"tab-dez\" class=\"tab-content\">\n<table border=\"0\" cellspacing=\"0\" cellpadding=\"2\">\n<colgroup>\n<col width=\"19*\" \/>\n<col width=\"57*\" \/>\n<col width=\"71*\" \/>\n<col width=\"71*\" \/>\n<col width=\"38*\" \/><\/colgroup>\n<tbody>\n<tr>\n<td width=\"8%\" height=\"72\">\n<p align=\"CENTER\">151\/2009<\/p>\n<\/td>\n<td width=\"22%\">\n<p align=\"CENTER\">Conv\u00eanio &#8211; Chamamento P\u00fablico<\/p>\n<\/td>\n<td width=\"28%\">\n<p align=\"JUSTIFY\">Chamamento P\u00fablico que tem por objetivo o credenciamento de entidades sem fins lucrativos, para o desenvolvimento dos programas de qualifica\u00e7\u00e3o e requalifica\u00e7\u00e3o profissional da Funda\u00e7\u00e3o Florestan Fernandes nas \u00e1reas Administrativas, Beleza, Gastronomia e Constru\u00e7\u00e3o Civil<\/p>\n<\/td>\n<td width=\"28%\">\n<p align=\"CENTER\"><strong>NUCLEO EDUCACIONAL DA SANTA CASA DE DIADEMA<\/strong><\/p>\n<\/td>\n<td width=\"15%\">\n<p align=\"CENTER\">Aditivo de Conv\u00eanio<\/p>\n<\/td>\n<\/tr>\n<tr>\n<td width=\"8%\" height=\"56\">\n<p align=\"CENTER\">027\/2012<\/p>\n<\/td>\n<td width=\"22%\">\n<p align=\"CENTER\">Preg\u00e3o Presencial<\/p>\n<\/td>\n<td valign=\"BOTTOM\" width=\"28%\">\n<p align=\"JUSTIFY\"><strong>Presta\u00e7\u00e3o de servi\u00e7o de cursos de qualifica\u00e7\u00e3o e requalifica\u00e7\u00e3o social e profissional referente \u00e0s a\u00e7\u00f5es da Funda\u00e7\u00e3o Florestan Fernandes<\/strong><\/p>\n<\/td>\n<td width=\"28%\">\n<p align=\"CENTER\"><strong>CENTRO DE INCLUS\u00c3O DIGITAL E APRENDIZAGEM PROFISSIONAL<\/strong><\/p>\n<\/td>\n<td width=\"15%\">\n<p align=\"CENTER\">Aditivo de Contrato<\/p>\n<\/td>\n<\/tr>\n<tr>\n<td width=\"8%\" height=\"66\">\n<p align=\"CENTER\">026\/2010<\/p>\n<\/td>\n<td width=\"22%\">\n<p align=\"CENTER\">Chamamento P\u00fablico \/ Conv\u00eanio<\/p>\n<\/td>\n<td width=\"28%\">\n<p align=\"JUSTIFY\">Realiza\u00e7\u00e3o de programas de Forma\u00e7\u00e3o Profissional, por meio de projetos de qualifica\u00e7\u00e3o, requalifica\u00e7\u00e3o e de outros programas ligados ao mundo do trabalho, necess\u00e1rios ao desenvolvimento destinado a jovens maiores de 14 anos e adultos.<\/p>\n<\/td>\n<td width=\"28%\">\n<p align=\"CENTER\"><strong>ASSOCIA\u00c7\u00c3O BENEFICENTE NOVA CONQUISTA &#8211; ABENCO<\/strong><\/p>\n<\/td>\n<td width=\"15%\">\n<p align=\"CENTER\">Aditivo de Conv\u00eanio<\/p>\n<\/td>\n<\/tr>\n<tr>\n<td width=\"8%\" height=\"68\">\n<p align=\"CENTER\">053\/2012<\/p>\n<\/td>\n<td width=\"22%\">\n<p align=\"CENTER\">Carta Convite<\/p>\n<\/td>\n<td width=\"28%\">\n<p align=\"JUSTIFY\"><strong>Contrata\u00e7\u00e3o de profissional para consultoria e assessoria jur\u00eddica nos diversos segmentos do direito para a Funda\u00e7\u00e3o Florestan Fernandes<\/strong><\/p>\n<\/td>\n<td width=\"28%\">\n<p align=\"CENTER\"><strong>HUMBERTO APARECIDO DOMINGUES<\/strong><\/p>\n<\/td>\n<td width=\"15%\">\n<p align=\"CENTER\">Aditivo de Contrato<\/p>\n<\/td>\n<\/tr>\n<\/tbody>\n<\/table>\n<\/div>\n<\/div>\n<\/div>\n","protected":false},"excerpt":{"rendered":"","protected":false},"author":1,"featured_media":0,"parent":34,"menu_order":2,"comment_status":"closed","ping_status":"closed","template":"","meta":{"footnotes":""},"class_list":["post-621","page","type-page","status-publish","hentry"],"_links":{"self":[{"href":"https:\/\/florestan.org.br\/transparencia\/wp-json\/wp\/v2\/pages\/621","targetHints":{"allow":["GET"]}}],"collection":[{"href":"https:\/\/florestan.org.br\/transparencia\/wp-json\/wp\/v2\/pages"}],"about":[{"href":"https:\/\/florestan.org.br\/transparencia\/wp-json\/wp\/v2\/types\/page"}],"author":[{"embeddable":true,"href":"https:\/\/florestan.org.br\/transparencia\/wp-json\/wp\/v2\/users\/1"}],"replies":[{"embeddable":true,"href":"https:\/\/florestan.org.br\/transparencia\/wp-json\/wp\/v2\/comments?post=621"}],"version-history":[{"count":3,"href":"https:\/\/florestan.org.br\/transparencia\/wp-json\/wp\/v2\/pages\/621\/revisions"}],"predecessor-version":[{"id":640,"href":"https:\/\/florestan.org.br\/transparencia\/wp-json\/wp\/v2\/pages\/621\/revisions\/640"}],"up":[{"embeddable":true,"href":"https:\/\/florestan.org.br\/transparencia\/wp-json\/wp\/v2\/pages\/34"}],"wp:attachment":[{"href":"https:\/\/florestan.org.br\/transparencia\/wp-json\/wp\/v2\/media?parent=621"}],"curies":[{"name":"wp","href":"https:\/\/api.w.org\/{rel}","templated":true}]}}