{"id":86,"date":"2016-02-23T12:34:09","date_gmt":"2016-02-23T15:34:09","guid":{"rendered":"http:\/\/216.172.173.38\/~floresta\/transparencia\/licitacoes-2\/2016-2\/2015-3\/"},"modified":"2025-04-01T13:54:31","modified_gmt":"2025-04-01T16:54:31","slug":"2015-3","status":"publish","type":"page","link":"https:\/\/florestan.org.br\/transparencia\/licitacoes\/2015-3\/","title":{"rendered":"2015"},"content":{"rendered":"<div class=\"wpcmsdev-tabs\">\n<div class=\"tab\">\n<h3 class=\"tab-title\" data-tab-id=\"jan\">Jan<\/h3>\n<div id=\"tab-jan\" class=\"tab-content\">\n<table border=\"3\" cellspacing=\"0\" cellpadding=\"0\">\n<colgroup>\n<col width=\"146\" \/>\n<col width=\"203\" \/>\n<col width=\"401\" \/>\n<col width=\"294\" \/>\n<col width=\"151\" \/><\/colgroup>\n<tbody>\n<tr>\n<td colspan=\"5\" width=\"1195\" height=\"54\"><strong>JANEIRO<\/strong><\/td>\n<\/tr>\n<tr>\n<td width=\"146\" height=\"54\"><strong>N\u00ba PROCESSO<\/strong><\/td>\n<td width=\"203\"><strong>TIPO DE LICITA\u00c7\u00c3O<\/strong><\/td>\n<td width=\"401\"><strong>OBJETO<\/strong><\/td>\n<td width=\"294\"><strong>FORNECEDOR<\/strong><\/td>\n<td width=\"151\"><strong>ORIGEM<\/strong><\/td>\n<\/tr>\n<tr>\n<td width=\"146\" height=\"108\"><strong>152\/2009<\/strong><\/td>\n<td width=\"203\"><strong>Preg\u00e3o Presencial<\/strong><\/td>\n<td width=\"401\"><strong>Contrata\u00e7\u00e3o de empresa Jornal\u00edstica para Presta\u00e7\u00e3o de Servi\u00e7os de Publica\u00e7\u00e3o dos Atos Oficiais da Funda\u00e7\u00e3o Florestan Fernandes.<\/strong><\/td>\n<td width=\"294\"><strong>Grupo ABCD de Jornais LTDA<\/strong><\/td>\n<td width=\"151\"><strong>Aditivo de contrato<\/strong><\/td>\n<\/tr>\n<tr>\n<td height=\"216\"><strong>045\/2011<\/strong><\/td>\n<td width=\"203\"><strong>Chamamento P\u00fablico<\/strong><\/td>\n<td width=\"401\"><strong>Chamamento p\u00fablico para sele\u00e7\u00e3o de entidade de direito privado, sem fins lucrativos, com a finalidade de firmar parceria em estreita\u00a0 coopera\u00e7\u00e3o com esta Funda\u00e7\u00e3o para implementa\u00e7\u00e3o das a\u00e7\u00f5es de qualifica\u00e7\u00e3o e requalifica\u00e7\u00e3o profissional no \u00e2mbito do Munic\u00edpio de Diadema<\/strong><\/td>\n<td width=\"294\"><strong>Centro de Inclus\u00e3o Digital e Aprendizagem Profissional \u2013 CIDAP<\/strong><\/td>\n<td width=\"151\"><strong>Aditivo de Contrato<\/strong><\/td>\n<\/tr>\n<tr>\n<td height=\"108\"><strong>027\/2012<\/strong><\/td>\n<td width=\"203\"><strong>Preg\u00e3o Presencial<\/strong><\/td>\n<td width=\"401\"><strong>Presta\u00e7\u00e3o de servi\u00e7o de cursos de qualifica\u00e7\u00e3o e requalifica\u00e7\u00e3o\u00a0 social e profissional referente a a\u00e7\u00f5es da Funda\u00e7\u00e3o Florestan Fernandes<\/strong><\/td>\n<td width=\"294\"><strong>CIDAP- Centro de Inclus\u00e3o Digital e Aprendizagem Profisional<\/strong><\/td>\n<td width=\"151\"><strong>Aditivo de Contrato<\/strong><\/td>\n<\/tr>\n<tr>\n<td height=\"109\"><strong>027\/2013<\/strong><\/td>\n<td width=\"203\"><strong>Preg\u00e3o Presencial<\/strong><\/td>\n<td width=\"401\"><strong>Contrata\u00e7\u00e3o de servi\u00e7os de consultoria e assessoria t\u00e9cnica informatizada para contabilidade p\u00fablica com fornecimento de software<\/strong><\/td>\n<td width=\"294\"><strong>CECAM- Consultoria Econ\u00f4mica Cont\u00e1bil e Administrativa Municipal S\/C Ltda.<\/strong><\/td>\n<td width=\"151\"><strong>Aditivo de Contrato<\/strong><\/td>\n<\/tr>\n<\/tbody>\n<\/table>\n<\/div>\n<\/div>\n<div class=\"tab\">\n<h3 class=\"tab-title\" data-tab-id=\"fev\">Fev<\/h3>\n<div id=\"tab-fev\" class=\"tab-content\">\n<table border=\"3\" cellspacing=\"0\" cellpadding=\"0\">\n<colgroup>\n<col width=\"146\" \/>\n<col width=\"203\" \/>\n<col width=\"401\" \/>\n<col width=\"290\" \/>\n<col width=\"221\" \/><\/colgroup>\n<tbody>\n<tr>\n<td colspan=\"5\" width=\"1261\" height=\"54\"><strong>FEVEREIRO<\/strong><\/td>\n<\/tr>\n<tr>\n<td width=\"146\" height=\"54\"><strong>N\u00ba PROCESSO<\/strong><\/td>\n<td width=\"203\"><strong>TIPO DE LICITA\u00c7\u00c3O<\/strong><\/td>\n<td width=\"401\"><strong>OBJETO<\/strong><\/td>\n<td width=\"290\"><strong>FORNECEDOR<\/strong><\/td>\n<td width=\"221\"><strong>ORIGEM<\/strong><\/td>\n<\/tr>\n<tr>\n<td width=\"146\" height=\"54\"><strong>001\/2015<\/strong><\/td>\n<td width=\"203\"><strong>Dispensa de licita\u00e7\u00e3o<\/strong><\/td>\n<td width=\"401\"><strong>Confec\u00e7\u00e3o de etiquetas de patrim\u00f4nio da Funda\u00e7\u00e3o Florestan Fernandes.<\/strong><\/td>\n<td width=\"290\"><strong>Afixcode Solucoes Graficas Ltda \u2013 Epp<\/strong><\/td>\n<td width=\"221\"><\/td>\n<\/tr>\n<tr>\n<td width=\"146\" height=\"81\"><strong>003\/2015<\/strong><\/td>\n<td width=\"203\"><strong>Dispensa de licita\u00e7\u00e3o<\/strong><\/td>\n<td width=\"401\"><strong>Aquisi\u00e7\u00e3o de materiais para pintura corretiva do pr\u00e9dio da Funda\u00e7\u00e3o Florestan Fernandes<\/strong><\/td>\n<td width=\"290\"><strong>Casa Nova Mercantil de Ferragens El\u00e9trica e Hidr\u00e1ulica Ltda<\/strong><\/td>\n<td width=\"221\"><\/td>\n<\/tr>\n<tr>\n<td width=\"146\" height=\"81\"><strong>003\/2015<\/strong><\/td>\n<td width=\"203\"><strong>Dispensa de licita\u00e7\u00e3o<\/strong><\/td>\n<td width=\"401\"><strong>Aquisi\u00e7\u00e3o de materiais para pintura corretiva do pr\u00e9dio da Funda\u00e7\u00e3o Florestan Fernandes<\/strong><\/td>\n<td width=\"290\"><strong>Aquarela Materiais para Constru\u00e7\u00e3o Ltda.<\/strong><\/td>\n<td width=\"221\"><\/td>\n<\/tr>\n<tr>\n<td width=\"146\" height=\"108\"><strong>005\/2015<\/strong><\/td>\n<td width=\"203\"><strong>Dispensa de licita\u00e7\u00e3o<\/strong><\/td>\n<td width=\"401\"><strong>Contrata\u00e7\u00e3o de empresa especializada na elabora\u00e7\u00e3o, diagrama\u00e7\u00e3o, confec\u00e7\u00e3o e instala\u00e7\u00e3o de adesivos de vinil para personaliza\u00e7\u00e3o dos ambientes da FFF.<\/strong><\/td>\n<td width=\"290\"><strong>Amazon Sign Comunica\u00e7\u00e3o Visual EIRELI EPP<\/strong><\/td>\n<td width=\"221\"><\/td>\n<\/tr>\n<tr>\n<td width=\"146\" height=\"109\"><strong>006\/2015<\/strong><\/td>\n<td width=\"203\"><strong>Dispensa de licita\u00e7\u00e3o<\/strong><\/td>\n<td width=\"401\"><strong>Contrata\u00e7\u00e3o de empresa especializada na substitui\u00e7\u00e3o e instala\u00e7\u00e3o das Aletas de PVC dos andares -1, -2,\u00a0 1 e 2 da FFF<\/strong><\/td>\n<td width=\"290\"><strong>Comovent Venezianas Industriais LTDA<\/strong><\/td>\n<td width=\"221\"><\/td>\n<\/tr>\n<\/tbody>\n<\/table>\n<\/div>\n<\/div>\n<div class=\"tab\">\n<h3 class=\"tab-title\" data-tab-id=\"mar\">Mar<\/h3>\n<div id=\"tab-mar\" class=\"tab-content\">\n<table border=\"3\" cellspacing=\"0\" cellpadding=\"0\">\n<colgroup>\n<col width=\"146\" \/>\n<col width=\"203\" \/>\n<col width=\"401\" \/>\n<col width=\"290\" \/>\n<col width=\"221\" \/><\/colgroup>\n<tbody>\n<tr>\n<td colspan=\"5\" width=\"1261\" height=\"54\"><strong>MAR\u00c7O<\/strong><\/td>\n<\/tr>\n<tr>\n<td width=\"146\" height=\"54\"><strong>N\u00ba PROCESSO<\/strong><\/td>\n<td width=\"203\"><strong>TIPO DE LICITA\u00c7\u00c3O<\/strong><\/td>\n<td width=\"401\"><strong>OBJETO<\/strong><\/td>\n<td width=\"290\"><strong>FORNECEDOR<\/strong><\/td>\n<td width=\"221\"><strong>ORIGEM<\/strong><\/td>\n<\/tr>\n<tr>\n<td width=\"146\" height=\"108\"><strong>002\/2015<\/strong><\/td>\n<td width=\"203\"><strong>Preg\u00e3o presencial<\/strong><\/td>\n<td width=\"401\"><strong>Aquisi\u00e7\u00e3o de microcomputadores e insumos para \u00e1rea administrativa da Funda\u00e7\u00e3o Florestan Fernandes<\/strong><\/td>\n<td width=\"290\"><strong>Leandro Moutinho Ca\u00e7apava Com\u00e9rcio Equipamento Inform\u00e1tica Ltda. \u2013 EPP e Ello Armazenagem Ltda.<\/strong><\/td>\n<td width=\"221\"><\/td>\n<\/tr>\n<tr>\n<td width=\"146\" height=\"162\"><strong>004\/2015<\/strong><\/td>\n<td width=\"203\"><strong>Preg\u00e3o presencial<\/strong><\/td>\n<td width=\"401\"><strong>Contrata\u00e7\u00e3o de empresa especializada na reforma e instala\u00e7\u00e3o de vidros temperados anti-chamas para o corrim\u00e3o e portas do pr\u00e9dio da Funda\u00e7\u00e3o Florestan Fernandes com fornecimento dos materiais<\/strong><\/td>\n<td width=\"290\"><strong>APP EMPREITTEIRA MATARAZO EIRELI \u2013 EPP.<\/strong><\/td>\n<td width=\"221\"><strong>Contrato n\u00ba 002\/2015<\/strong><\/td>\n<\/tr>\n<tr>\n<td width=\"146\" height=\"81\"><strong>007\/2015<\/strong><\/td>\n<td width=\"203\"><strong>Preg\u00e3o presencial<\/strong><\/td>\n<td width=\"401\"><strong>Contrata\u00e7\u00e3o de empresa especializada na reforma dos pisos externos \/internos existentes, pintura externa do pr\u00e9dio<\/strong><\/td>\n<td width=\"290\"><strong>ELIEL GARCIA CANDEIAS -EPP<\/strong><\/td>\n<td width=\"221\"><strong>Contrato n\u00ba 001\/2015<\/strong><\/td>\n<\/tr>\n<tr>\n<td width=\"146\" height=\"108\"><strong>008\/2015<\/strong><\/td>\n<td width=\"203\"><strong>Dispensa de licita\u00e7\u00e3o<\/strong><\/td>\n<td width=\"401\"><strong>Contrata\u00e7\u00e3o de empresa especializada para instala\u00e7\u00e3o de gesso de teto com ilumina\u00e7\u00e3o e constru\u00e7\u00e3o de paredes em sistema Drywall<\/strong><\/td>\n<td width=\"290\"><strong>Vetor Sistemas Construtivos Ltda<\/strong><\/td>\n<td width=\"221\"><\/td>\n<\/tr>\n<tr>\n<td width=\"146\" height=\"162\"><strong>011\/2015<\/strong><\/td>\n<td width=\"203\"><strong>Dispensa de licita\u00e7\u00e3o<\/strong><\/td>\n<td width=\"401\"><strong>Contrata\u00e7\u00e3o de empresa especializada em medicina do trabalho para realiza\u00e7\u00e3o de exames m\u00e9dicos dos servidores de oficial de manuten\u00e7\u00e3o e t\u00e9cnico de manuten\u00e7\u00e3o predial da Funda\u00e7\u00e3o Florestan Fernandes<\/strong><\/td>\n<td width=\"290\"><strong>Biomedic Servi\u00e7os, Treinamento e Comercio em Seguran\u00e7a do Trabalho Ltda \u2013 EPP e Diagn\u00f3sticos da America S.A.<\/strong><\/td>\n<td width=\"221\"><\/td>\n<\/tr>\n<tr>\n<td width=\"146\" height=\"81\"><strong>012\/2015<\/strong><\/td>\n<td width=\"203\"><strong>Dispensa de licita\u00e7\u00e3o<\/strong><\/td>\n<td width=\"401\"><strong>Contrata\u00e7\u00e3o de empresa especializada para confec\u00e7\u00e3o de bandeiras e mastro<\/strong><\/td>\n<td width=\"290\"><strong>TORCIDA BRASILEIRA IND\u00daSTRIA E COM\u00c9RCIO EIRELI &#8211; EPP<\/strong><\/td>\n<td width=\"221\"><\/td>\n<\/tr>\n<tr>\n<td width=\"146\" height=\"81\"><strong>013\/2015<\/strong><\/td>\n<td width=\"203\"><strong>Dispensa de licita\u00e7\u00e3o<\/strong><\/td>\n<td width=\"401\"><strong>Aquisi\u00e7\u00e3o de ventiladores e exaustores para uso nas depend\u00eancias da Funda\u00e7\u00e3o Florestan Fernandes<\/strong><\/td>\n<td width=\"290\"><strong>DARLEY ANDERSON DA SILVA &#8211; VENTILA\u00c7\u00c3O \u2013 ME<\/strong><\/td>\n<td width=\"221\"><\/td>\n<\/tr>\n<tr>\n<td width=\"146\" height=\"135\"><strong>014\/2015<\/strong><\/td>\n<td width=\"203\"><strong>Dispensa de licita\u00e7\u00e3o<\/strong><\/td>\n<td width=\"401\"><strong>Contrata\u00e7\u00e3o de uma empresa especializada em manuten\u00e7\u00e3o e revis\u00e3o do ve\u00edculo UNO VIVACE 2012 1.0 Flex Placa CZA-8932 incluindo troca de pe\u00e7as e m\u00e3o de obra, da FFF.<\/strong><\/td>\n<td width=\"290\"><strong>Fl\u00e1vio Silveira Sandreschi Pe\u00e7as \u2013 EPP.<\/strong><\/td>\n<td width=\"221\"><\/td>\n<\/tr>\n<tr>\n<td width=\"146\" height=\"82\"><strong>015\/2015<\/strong><\/td>\n<td width=\"203\"><strong>Dispensa de licita\u00e7\u00e3o<\/strong><\/td>\n<td width=\"401\"><strong>Contrata\u00e7\u00e3o de empresa especializada em servi\u00e7o de encaderna\u00e7\u00e3o de Livros Cont\u00e1beis<\/strong><\/td>\n<td width=\"290\"><strong>3 TORRES COPIADORA E EDITORA LTDA &#8211; ME<\/strong><\/td>\n<td width=\"221\"><\/td>\n<\/tr>\n<\/tbody>\n<\/table>\n<\/div>\n<\/div>\n<div class=\"tab\">\n<h3 class=\"tab-title\" data-tab-id=\"abr\">Abr<\/h3>\n<div id=\"tab-abr\" class=\"tab-content\">\n<table border=\"3\" cellspacing=\"0\" cellpadding=\"0\">\n<colgroup>\n<col width=\"146\" \/>\n<col width=\"203\" \/>\n<col width=\"401\" \/>\n<col width=\"290\" \/>\n<col width=\"221\" \/><\/colgroup>\n<tbody>\n<tr>\n<td colspan=\"5\" width=\"1261\" height=\"61\"><strong>MAIO<\/strong><\/td>\n<\/tr>\n<tr>\n<td width=\"146\" height=\"61\"><strong>N\u00ba PROCESSO<\/strong><\/td>\n<td width=\"203\"><strong>TIPO DE LICITA\u00c7\u00c3O<\/strong><\/td>\n<td width=\"401\"><strong>OBJETO<\/strong><\/td>\n<td width=\"290\"><strong>FORNECEDOR<\/strong><\/td>\n<td width=\"221\"><strong>ORIGEM<\/strong><\/td>\n<\/tr>\n<tr>\n<td width=\"146\" height=\"90\"><strong>017\/2015<\/strong><\/td>\n<td width=\"203\"><strong>Preg\u00e3o presencial<\/strong><\/td>\n<td width=\"401\"><strong>Aquisi\u00e7\u00e3o de equipamentos e insumos para o curso de fotografia.<\/strong><\/td>\n<td width=\"290\"><strong>Allimac Com\u00e9rcio de Materiais em Geral LTDA. ME.<\/strong><\/td>\n<td width=\"221\"><\/td>\n<\/tr>\n<tr>\n<td width=\"146\" height=\"90\"><strong>017\/2015<\/strong><\/td>\n<td width=\"203\"><strong>Preg\u00e3o presencial<\/strong><\/td>\n<td width=\"401\"><strong>Aquisi\u00e7\u00e3o de equipamentos e insumos para o curso de fotografia.<\/strong><\/td>\n<td width=\"290\"><strong>Ello Office e Empreendimentos Ltda. ME.<\/strong><\/td>\n<td width=\"221\"><\/td>\n<\/tr>\n<tr>\n<td width=\"146\" height=\"90\"><strong>019\/2015<\/strong><\/td>\n<td width=\"203\"><strong>Dispensa de licita\u00e7\u00e3o<\/strong><\/td>\n<td width=\"401\"><strong>Presta\u00e7\u00e3o de servi\u00e7o de seguro total do ve\u00edculo oficial, pertencente a Funda\u00e7\u00e3o Florestan Fernandes<\/strong><\/td>\n<td width=\"290\"><strong>Caixa Seguradora S\/A<\/strong><\/td>\n<td width=\"221\"><strong>N\u00ba da ap\u00f3lice: 1103100421337<\/strong><\/td>\n<\/tr>\n<\/tbody>\n<\/table>\n<\/div>\n<\/div>\n<div class=\"tab\">\n<h3 class=\"tab-title\" data-tab-id=\"mai\">Mai<\/h3>\n<div id=\"tab-mai\" class=\"tab-content\">\n<table border=\"3\" cellspacing=\"0\" cellpadding=\"0\">\n<colgroup>\n<col width=\"146\" \/>\n<col width=\"203\" \/>\n<col width=\"401\" \/>\n<col width=\"290\" \/>\n<col width=\"221\" \/><\/colgroup>\n<tbody>\n<tr>\n<td colspan=\"5\" width=\"1261\" height=\"61\"><strong>MAIO<\/strong><\/td>\n<\/tr>\n<tr>\n<td width=\"146\" height=\"61\"><strong>N\u00ba PROCESSO<\/strong><\/td>\n<td width=\"203\"><strong>TIPO DE LICITA\u00c7\u00c3O<\/strong><\/td>\n<td width=\"401\"><strong>OBJETO<\/strong><\/td>\n<td width=\"290\"><strong>FORNECEDOR<\/strong><\/td>\n<td width=\"221\"><strong>ORIGEM<\/strong><\/td>\n<\/tr>\n<tr>\n<td width=\"146\" height=\"90\"><strong>017\/2015<\/strong><\/td>\n<td width=\"203\"><strong>Preg\u00e3o presencial<\/strong><\/td>\n<td width=\"401\"><strong>Aquisi\u00e7\u00e3o de equipamentos e insumos para o curso de fotografia.<\/strong><\/td>\n<td width=\"290\"><strong>Allimac Com\u00e9rcio de Materiais em Geral LTDA. ME.<\/strong><\/td>\n<td width=\"221\"><\/td>\n<\/tr>\n<tr>\n<td width=\"146\" height=\"90\"><strong>017\/2015<\/strong><\/td>\n<td width=\"203\"><strong>Preg\u00e3o presencial<\/strong><\/td>\n<td width=\"401\"><strong>Aquisi\u00e7\u00e3o de equipamentos e insumos para o curso de fotografia.<\/strong><\/td>\n<td width=\"290\"><strong>Ello Office e Empreendimentos Ltda. ME.<\/strong><\/td>\n<td width=\"221\"><\/td>\n<\/tr>\n<tr>\n<td width=\"146\" height=\"90\"><strong>019\/2015<\/strong><\/td>\n<td width=\"203\"><strong>Dispensa de licita\u00e7\u00e3o<\/strong><\/td>\n<td width=\"401\"><strong>Presta\u00e7\u00e3o de servi\u00e7o de seguro total do ve\u00edculo oficial, pertencente a Funda\u00e7\u00e3o Florestan Fernandes<\/strong><\/td>\n<td width=\"290\"><strong>Caixa Seguradora S\/A<\/strong><\/td>\n<td width=\"221\"><strong>N\u00ba da ap\u00f3lice: 1103100421337<\/strong><\/td>\n<\/tr>\n<\/tbody>\n<\/table>\n<\/div>\n<\/div>\n<div class=\"tab\">\n<h3 class=\"tab-title\" data-tab-id=\"jun\">Jun<\/h3>\n<div id=\"tab-jun\" class=\"tab-content\">\n<p>&#8230;<\/p>\n<\/div>\n<\/div>\n<div class=\"tab\">\n<h3 class=\"tab-title\" data-tab-id=\"jul\">Jul<\/h3>\n<div id=\"tab-jul\" class=\"tab-content\">\n<table border=\"3\" cellspacing=\"0\" cellpadding=\"0\">\n<colgroup>\n<col width=\"146\" \/>\n<col width=\"203\" \/>\n<col width=\"401\" \/>\n<col width=\"290\" \/>\n<col width=\"193\" \/><\/colgroup>\n<tbody>\n<tr>\n<td colspan=\"5\" width=\"1233\" height=\"61\"><strong>JULHO<\/strong><\/td>\n<\/tr>\n<tr>\n<td width=\"146\" height=\"61\">N\u00ba PROCESSO<\/td>\n<td width=\"203\">TIPO DE LICITA\u00c7\u00c3O<\/td>\n<td width=\"401\">OBJETO<\/td>\n<td width=\"290\">FORNECEDOR<\/td>\n<td width=\"193\">ORIGEM<\/td>\n<\/tr>\n<tr>\n<td width=\"146\" height=\"61\">022\/2015<\/td>\n<td width=\"203\">Dispensa de Licita\u00e7\u00e3o<\/td>\n<td width=\"401\">Aquisi\u00e7\u00e3o de persianas com trilhos, acess\u00f3rios e instala\u00e7\u00e3o.<\/td>\n<td width=\"290\">Styllo Com\u00e9rcio de Persianas Ltda &#8211; EPP<\/td>\n<td width=\"193\"><\/td>\n<\/tr>\n<tr>\n<td width=\"146\" height=\"140\">021\/2015<\/td>\n<td width=\"203\">Dispensa de Licita\u00e7\u00e3o<\/td>\n<td>Contrata\u00e7\u00e3o de empresa para manuten\u00e7\u00e3o preventiva e corretiva de bombas de recalque, bombas submersas, bomba de inc\u00eandio e pain\u00e9is de comando<\/td>\n<td width=\"290\">Hidrot\u00e9cnica Ramos Ltda &#8211; EPP<\/td>\n<td width=\"193\"><\/td>\n<\/tr>\n<tr>\n<td width=\"146\" height=\"92\">026\/2015<\/td>\n<td width=\"203\">Dispensa de Licita\u00e7\u00e3o<\/td>\n<td width=\"401\">Aquisi\u00e7\u00e3o de Lixadeira\/Politriz Angular para o curso de Polimento Automotivo da Funda\u00e7\u00e3o Florestan Fernandes.<\/td>\n<td width=\"290\">Dutra M\u00e1quinas Comercial e T\u00e9cnica Ltda<\/td>\n<td width=\"193\"><\/td>\n<\/tr>\n<tr>\n<td width=\"146\" height=\"115\">020\/2015<\/td>\n<td width=\"203\">Dispensa de Licita\u00e7\u00e3o<\/td>\n<td>Contrata\u00e7\u00e3o de empresa para manuten\u00e7\u00e3o de bebedouros de press\u00e3o da Funda\u00e7\u00e3o Florestan Fernandes e Centro P\u00fablico da Constru\u00e7\u00e3o Civil.<\/td>\n<td width=\"290\">Jos\u00e9 Roberto Souza Bezerra &#8211; ME<\/td>\n<td width=\"193\"><\/td>\n<\/tr>\n<tr>\n<td width=\"146\" height=\"84\">024\/2015<\/td>\n<td width=\"203\">Preg\u00e3o Presencial<\/td>\n<td width=\"401\">Aquisi\u00e7\u00e3o de ve\u00edculo 0 (zero) Km, para transporte coletivo com no m\u00ednimo 19 lugares, ano\/modelo 2015 .<\/td>\n<td width=\"290\">Vetelli Ve\u00edculos e Pe\u00e7as Ltda<\/td>\n<td width=\"193\"><\/td>\n<\/tr>\n<tr>\n<td width=\"146\" height=\"92\">023\/2015<\/td>\n<td width=\"203\">Preg\u00e3o Presencial<\/td>\n<td width=\"401\">Aquisi\u00e7\u00e3o e instala\u00e7\u00e3o de portas, batentes, guarni\u00e7\u00f5es, f\u00f3rmicas e reforma de balc\u00f5es e mesas.<\/td>\n<td width=\"290\">LCC M\u00f3veis Eireli &#8211; ME<\/td>\n<td width=\"193\">Termo de Contrato n\u00ba 004\/2015<\/td>\n<\/tr>\n<tr>\n<td rowspan=\"4\" width=\"146\" height=\"244\">025\/2015<\/td>\n<td rowspan=\"4\" width=\"203\">Preg\u00e3o Presencial<\/td>\n<td rowspan=\"4\" width=\"401\">Aquisi\u00e7\u00e3o de materiais de limpeza, descart\u00e1veis e utens\u00edlios para uso administrativo da Funda\u00e7\u00e3o Florestan Fernandes.<\/td>\n<td width=\"290\">Lopez e Cioffi Produtos de Limpeza<\/td>\n<td width=\"193\"><\/td>\n<\/tr>\n<tr>\n<td width=\"290\" height=\"61\">Vila Barcelona Com\u00e9rcio de Suprimentos<\/td>\n<td width=\"193\"><\/td>\n<\/tr>\n<tr>\n<td width=\"290\" height=\"61\">MS de Ara\u00fajo Eireli &#8211; ME<\/td>\n<td width=\"193\"><\/td>\n<\/tr>\n<tr>\n<td width=\"290\" height=\"61\">Tatiana Cordeiro ME<\/td>\n<td width=\"193\">Termo de Contrato n\u00ba 003\/2015<\/td>\n<\/tr>\n<\/tbody>\n<\/table>\n<\/div>\n<\/div>\n<div class=\"tab\">\n<h3 class=\"tab-title\" data-tab-id=\"ago\">Ago<\/h3>\n<div id=\"tab-ago\" class=\"tab-content\">\n<table border=\"3\" cellspacing=\"0\" cellpadding=\"0\">\n<colgroup>\n<col width=\"146\" \/>\n<col width=\"203\" \/>\n<col width=\"401\" \/>\n<col width=\"290\" \/>\n<col width=\"193\" \/><\/colgroup>\n<tbody>\n<tr>\n<td colspan=\"5\" width=\"1233\" height=\"61\"><strong>AGOSTO<\/strong><\/td>\n<\/tr>\n<tr>\n<td width=\"146\" height=\"61\">N\u00ba PROCESSO<\/td>\n<td width=\"203\">TIPO DE LICITA\u00c7\u00c3O<\/td>\n<td width=\"401\">OBJETO<\/td>\n<td width=\"290\">FORNECEDOR<\/td>\n<td width=\"193\">ORIGEM<\/td>\n<\/tr>\n<tr>\n<td width=\"146\" height=\"140\">027\/2015<\/td>\n<td width=\"203\">Dispensa de Licita\u00e7\u00e3o<\/td>\n<td width=\"401\">Presta\u00e7\u00e3o de servi\u00e7o de seguro total de ve\u00edculo oficial de transporte coletivo, pertencente \u00e0 Funda\u00e7\u00e3o Florestan Fernandes.<\/td>\n<td width=\"290\">Porto Seguro Companhia de Seguros Gerais<\/td>\n<td width=\"193\"><\/td>\n<\/tr>\n<tr>\n<td width=\"146\" height=\"231\">028\/2015<\/td>\n<td width=\"203\">Dispensa de Licita\u00e7\u00e3o<\/td>\n<td width=\"401\">Contrata\u00e7\u00e3o de posto automotivo para fornecimento de combust\u00edvel (Diesel S10) troca de \u00f3leo lubrificante em geral (motor, c\u00e2mbio, diferencial, dire\u00e7\u00e3o hidr\u00e1ulica e freios), troca de filtros em geral (de ar, lubrificante e combust\u00edvel), e servi\u00e7os de lavagem, destinados aos ve\u00edculos da Funda\u00e7\u00e3o Florestan<\/td>\n<td width=\"290\">Auto Posto Piraporinha Solid\u00e3o Ltda<\/td>\n<td width=\"193\"><\/td>\n<\/tr>\n<\/tbody>\n<\/table>\n<\/div>\n<\/div>\n<div class=\"tab\">\n<h3 class=\"tab-title\" data-tab-id=\"set\">Set<\/h3>\n<div id=\"tab-set\" class=\"tab-content\">\n<table border=\"3\" cellspacing=\"0\" cellpadding=\"0\">\n<colgroup>\n<col width=\"146\" \/>\n<col width=\"203\" \/>\n<col width=\"401\" \/>\n<col width=\"290\" \/>\n<col width=\"193\" \/><\/colgroup>\n<tbody>\n<tr>\n<td colspan=\"5\" width=\"1233\" height=\"61\"><strong>SETEMBRO<\/strong><\/td>\n<\/tr>\n<tr>\n<td width=\"146\" height=\"61\">N\u00ba PROCESSO<\/td>\n<td width=\"203\">TIPO DE LICITA\u00c7\u00c3O<\/td>\n<td width=\"401\">OBJETO<\/td>\n<td width=\"290\">FORNECEDOR<\/td>\n<td width=\"193\">ORIGEM<\/td>\n<\/tr>\n<tr>\n<td width=\"146\" height=\"140\">030\/2015<\/td>\n<td width=\"203\">Dispensa de Licita\u00e7\u00e3o<\/td>\n<td width=\"401\">Contrata\u00e7\u00e3o de empresa especializada para recarga de extintores de inc\u00eandio<\/td>\n<td width=\"290\">PGB de Souza Junior Extintores &#8211; ME<\/td>\n<td width=\"193\"><\/td>\n<\/tr>\n<\/tbody>\n<\/table>\n<\/div>\n<\/div>\n<div class=\"tab\">\n<h3 class=\"tab-title\" data-tab-id=\"out\">Out<\/h3>\n<div id=\"tab-out\" class=\"tab-content\">\n<p>&#8230;<\/p>\n<\/div>\n<\/div>\n<div class=\"tab\">\n<h3 class=\"tab-title\" data-tab-id=\"nov\">Nov<\/h3>\n<div id=\"tab-nov\" class=\"tab-content\">\n<table width=\"1235\">\n<tbody>\n<tr>\n<td colspan=\"5\" width=\"1235\"><strong>NOVEMBRO<\/strong><\/td>\n<\/tr>\n<tr>\n<td width=\"147\"><strong>N\u00ba PROCESSO<\/strong><\/td>\n<td width=\"203\"><strong>TIPO DE LICITA\u00c7\u00c3O<\/strong><\/td>\n<td width=\"401\"><strong>OBJETO<\/strong><\/td>\n<td width=\"291\"><strong>FORNECEDOR<\/strong><\/td>\n<td width=\"193\"><strong>ORIGEM<\/strong><\/td>\n<\/tr>\n<tr>\n<td width=\"147\">018\/2015<\/td>\n<td width=\"203\">Dispensa de Licita\u00e7\u00e3o<\/td>\n<td width=\"401\">Contrata\u00e7\u00e3o de operadora de plano de sa\u00fade, com registro na ANS, especializada para a presta\u00e7\u00e3o continuada de servi\u00e7os de assist\u00eancia m\u00e9dica e\/ou seguro sa\u00fade, com padr\u00e3o de acomoda\u00e7\u00e3o enfermaria e apartamento, para coberturas de servi\u00e7os m\u00e9dico-hospitalares de assist\u00eancia ambulatorial, hospitalar e obst\u00e9trica, tratamentos, exames, interna\u00e7\u00f5es e demais diagn\u00f3sticos, centro de terapia intensiva, quando necess\u00e1ria \u00e0 interna\u00e7\u00e3o hospitalar, das doen\u00e7as reconhecidas ou que vierem a ser reconhecidas na Classifica\u00e7\u00e3o Estat\u00edstica Internacional de Doen\u00e7as e Problemas Relacionados com a Sa\u00fade, da Organiza\u00e7\u00e3o Mundial da Sa\u00fade, ambulatorial, cl\u00ednica, hospitalar, pronto socorro, pronto atendimento, cir\u00fargica, obst\u00e9trica\/maternidade, servi\u00e7os de an\u00e1lise diagn\u00f3stica de atendimento laboratorial, m\u00e9todos complementares de diagn\u00f3stico, radiodiagn\u00f3stico e tratamento, com cobertura de todas as especialidades reconhecidas ou que vierem a ser reconhecidas pelo Conselho Federal de Medicina \u2013 CFRM e exames complementares reconhecidos ou que vierem a ser reconhecidos pela Ag\u00eancia Nacional de Sa\u00fade \u2013 ANS<\/td>\n<td width=\"291\">Santam\u00e1lia Sa\u00fade S\/A<\/td>\n<td width=\"193\">&nbsp;<\/td>\n<\/tr>\n<tr>\n<td width=\"147\">031\/2015<\/td>\n<td width=\"203\">Dispensa de Licita\u00e7\u00e3o<\/td>\n<td width=\"401\">Aquisi\u00e7\u00e3o de materiais de escrit\u00f3rio para uso administrativo e pedag\u00f3gico da Funda\u00e7\u00e3o Florestan Fernandes<\/td>\n<td width=\"291\">Vila Barcelona Com\u00e9rcio de Suprimentos e Equipamentos Eireli &#8211; ME<\/td>\n<td width=\"193\">&nbsp;<\/td>\n<\/tr>\n<tr>\n<td width=\"147\">032\/2015<\/td>\n<td width=\"203\">Dispensa de Licita\u00e7\u00e3o<\/td>\n<td width=\"401\">Contrata\u00e7\u00e3o de empresa especializada em transporte de equipamentos pesados da Funda\u00e7\u00e3o Florestan Fernandes<\/td>\n<td width=\"291\">ALP Transportes e Remo\u00e7\u00e3o de M\u00e1quinas LTDA<\/td>\n<td width=\"193\">&nbsp;<\/td>\n<\/tr>\n<\/tbody>\n<\/table>\n<p>&nbsp;<\/p>\n<\/div>\n<\/div>\n<div class=\"tab\">\n<h3 class=\"tab-title\" data-tab-id=\"dez\">Dez<\/h3>\n<div id=\"tab-dez\" class=\"tab-content\">\n<table width=\"1235\">\n<tbody>\n<tr>\n<td colspan=\"5\" width=\"1235\"><strong>DEZEMBRO<\/strong><\/td>\n<\/tr>\n<tr>\n<td width=\"147\"><strong>N\u00ba PROCESSO<\/strong><\/td>\n<td width=\"203\"><strong>TIPO DE LICITA\u00c7\u00c3O<\/strong><\/td>\n<td width=\"401\"><strong>OBJETO<\/strong><\/td>\n<td width=\"291\"><strong>FORNECEDOR<\/strong><\/td>\n<td width=\"193\"><strong>ORIGEM<\/strong><\/td>\n<\/tr>\n<tr>\n<td width=\"147\">035\/2015<\/td>\n<td width=\"203\">Dispensa de Licita\u00e7\u00e3o<\/td>\n<td width=\"401\">Contrata\u00e7\u00e3o de empresa especializada para confec\u00e7\u00e3o de uniformes para os funcion\u00e1rios da Funda\u00e7\u00e3o Florestan Fernandes<\/td>\n<td width=\"291\">Vesper Modas Com\u00e9rcio de Roupas Ltda &#8211; ME<\/td>\n<td width=\"193\">&nbsp;<\/td>\n<\/tr>\n<tr>\n<td width=\"147\">036\/2015<\/td>\n<td width=\"203\">Dispensa de Licita\u00e7\u00e3o<\/td>\n<td width=\"401\">Aquisi\u00e7\u00e3o de materiais para workshop na \u00e1rea da beleza<\/td>\n<td width=\"291\">Mar. Go. Com\u00e9rcio de Cosm\u00e9tica e Est\u00e9tica LTDA. ME.<\/td>\n<td width=\"193\">&nbsp;<\/td>\n<\/tr>\n<tr>\n<td width=\"147\">037\/2015<\/td>\n<td width=\"203\">Dispensa de Licita\u00e7\u00e3o<\/td>\n<td width=\"401\">Aquisi\u00e7\u00e3o de materiais para workshop na \u00e1rea da gastronomia<\/td>\n<td width=\"291\">LOURENCINI COM\u00c9RCIO DE ALIMENTOS LTDA<\/td>\n<td width=\"193\">&nbsp;<\/td>\n<\/tr>\n<tr>\n<td rowspan=\"2\" width=\"147\">038\/2015<\/td>\n<td rowspan=\"2\" width=\"203\">Dispensa de Licita\u00e7\u00e3o<\/td>\n<td rowspan=\"2\" width=\"401\">Aquisi\u00e7\u00e3o de equipamentos para o curso de mec\u00e2nica de motos da Funda\u00e7\u00e3o Florestan Fernandes<\/td>\n<td width=\"291\">Galmar Ind\u00fastria e Com\u00e9rcio de Ferramentas e Equipamentos LTDA<\/td>\n<td rowspan=\"2\" width=\"193\">&nbsp;<\/td>\n<\/tr>\n<tr>\n<td width=\"291\">Dutra M\u00e1quinas Comercial e T\u00e9cnica LTDA<\/td>\n<\/tr>\n<tr>\n<td rowspan=\"3\" width=\"147\">039\/2015<\/td>\n<td rowspan=\"3\" width=\"203\">Dispensa de Licita\u00e7\u00e3o<\/td>\n<td rowspan=\"3\" width=\"401\">Aquisi\u00e7\u00e3o de materiais para workshop na \u00e1rea de polimento automotivo<\/td>\n<td width=\"291\">BELA TINTAS LTDA.<\/td>\n<td rowspan=\"3\" width=\"193\">&nbsp;<\/td>\n<\/tr>\n<tr>\n<td width=\"291\">DUTRA MAQUINAS COMERCIAL E TECNICA LTDA.<\/td>\n<\/tr>\n<tr>\n<td width=\"291\">Renovar Master Cleaner Servi\u00e7os de Limpeza Automotiva Ltda. ME.<\/td>\n<\/tr>\n<tr>\n<td rowspan=\"2\" width=\"147\">040\/2015<\/td>\n<td rowspan=\"2\" width=\"203\">Dispensa de Licita\u00e7\u00e3o<\/td>\n<td rowspan=\"2\" width=\"401\">Aquisi\u00e7\u00e3o de materiais para workshop na \u00e1rea da gastronomia<\/td>\n<td width=\"291\">MULTIPELL COM\u00c9RCIO DE EMBALAGENS LTDA &#8211; EPP<\/td>\n<td rowspan=\"2\" width=\"193\">&nbsp;<\/td>\n<\/tr>\n<tr>\n<td width=\"291\">DIFERENTS PRODUCTS COM\u00c9RCIO, SERVI\u00c7O E DISTRIBUI\u00c7\u00c3O LTDA &#8211; ME<\/td>\n<\/tr>\n<tr>\n<td width=\"147\">042\/2015<\/td>\n<td width=\"203\">Dispensa de Licita\u00e7\u00e3o<\/td>\n<td width=\"401\">Aquisi\u00e7\u00e3o de telhas galvanizadas e insumos para reforma do telhado da Funda\u00e7\u00e3o Florestan Fernandes<\/td>\n<td width=\"291\">Santo Andr\u00e9 Distribuidora Industrial LTDA<\/td>\n<td width=\"193\">&nbsp;<\/td>\n<\/tr>\n<tr>\n<td rowspan=\"2\" width=\"147\">043\/2015<\/td>\n<td rowspan=\"2\" width=\"203\">Dispensa de Licita\u00e7\u00e3o<\/td>\n<td rowspan=\"2\" width=\"401\">Aquisi\u00e7\u00e3o de materiais el\u00e9tricos para uso na manuten\u00e7\u00e3o da Funda\u00e7\u00e3o Florestan Fernandes<\/td>\n<td width=\"291\">Francisco das Chagas Chaves ME<\/td>\n<td rowspan=\"2\" width=\"193\">&nbsp;<\/td>\n<\/tr>\n<tr>\n<td width=\"291\">Centro ABC Distribuidora de Materiais El\u00e9tricos LTDA<\/td>\n<\/tr>\n<tr>\n<td width=\"147\">044\/2015<\/td>\n<td width=\"203\">Dispensa de Licita\u00e7\u00e3o<\/td>\n<td width=\"401\">Aquisi\u00e7\u00e3o de barracas para viv\u00eancias (aulas pr\u00e1ticas) externas dos alunos da Funda\u00e7\u00e3o Florestan Fernandes<\/td>\n<td width=\"291\">Promo Tendas Comunica\u00e7\u00e3o Visual LTDA EPP<\/td>\n<td width=\"193\">&nbsp;<\/td>\n<\/tr>\n<tr>\n<td rowspan=\"5\" width=\"147\">045\/2015<\/td>\n<td rowspan=\"5\" width=\"203\">Dispensa de Licita\u00e7\u00e3o<\/td>\n<td rowspan=\"5\" width=\"401\">Aquisi\u00e7\u00e3o de materiais hidr\u00e1ulicos e diversos para uso do setor de Manuten\u00e7\u00e3o da Funda\u00e7\u00e3o Florestan Fernandes<\/td>\n<td width=\"291\">HIDRODEMA MATERIAIS HIDR\u00c1ULICOS EIRELLI.<\/td>\n<td rowspan=\"5\" width=\"193\">&nbsp;<\/td>\n<\/tr>\n<tr>\n<td width=\"291\">DISC ALDA COM\u00c9RCIO DE MATERIAIS PARA CONSTRU\u00c7\u00c3O LTDA.<\/td>\n<\/tr>\n<tr>\n<td width=\"291\">HIDROWATTS COM\u00c9RCIO DE MATERIAIS PARA CONSTRU\u00c7\u00c3O LTDA.<\/td>\n<\/tr>\n<tr>\n<td width=\"291\">FRANCISCO DAS CHAGAS CHAVES MATERIAIS EL\u00c9TRICOS ME.<\/td>\n<\/tr>\n<tr>\n<td width=\"291\">CASA NOVA MERCALTIL DE FERRAGENS ELETRICA E HIDRAULICA LTDA.<\/td>\n<\/tr>\n<tr>\n<td width=\"147\">046\/2015<\/td>\n<td width=\"203\">Dispensa de Licita\u00e7\u00e3o<\/td>\n<td width=\"401\">Aquisi\u00e7\u00e3o de aparelhos de ar condicionado para salas da diretoria e palco do anfiteatro da Funda\u00e7\u00e3o Florestan Fernandes<\/td>\n<td width=\"291\">Friovix Com\u00e9rcio de Refrigera\u00e7\u00e3o Ltda<\/td>\n<td width=\"193\">&nbsp;<\/td>\n<\/tr>\n<tr>\n<td width=\"147\">047\/2015<\/td>\n<td width=\"203\">Dispensa de Licita\u00e7\u00e3o<\/td>\n<td width=\"401\">Aquisi\u00e7\u00e3o de microfones sem fio, caixa ac\u00fastica e mesa de som para o palco do anfiteatro da Funda\u00e7\u00e3o Florestan Fernandes<\/td>\n<td width=\"291\">VR COM\u00c9RCIO DE EQUIPAMENTOS ELETR\u00d4NICOS LTDA &#8211; ME.<\/td>\n<td width=\"193\">&nbsp;<\/td>\n<\/tr>\n<\/tbody>\n<\/table>\n<p>&nbsp;<\/p>\n<\/div>\n<\/div>\n<\/div>\n","protected":false},"excerpt":{"rendered":"","protected":false},"author":1,"featured_media":0,"parent":34,"menu_order":5,"comment_status":"closed","ping_status":"closed","template":"","meta":{"footnotes":""},"class_list":["post-86","page","type-page","status-publish","hentry"],"_links":{"self":[{"href":"https:\/\/florestan.org.br\/transparencia\/wp-json\/wp\/v2\/pages\/86","targetHints":{"allow":["GET"]}}],"collection":[{"href":"https:\/\/florestan.org.br\/transparencia\/wp-json\/wp\/v2\/pages"}],"about":[{"href":"https:\/\/florestan.org.br\/transparencia\/wp-json\/wp\/v2\/types\/page"}],"author":[{"embeddable":true,"href":"https:\/\/florestan.org.br\/transparencia\/wp-json\/wp\/v2\/users\/1"}],"replies":[{"embeddable":true,"href":"https:\/\/florestan.org.br\/transparencia\/wp-json\/wp\/v2\/comments?post=86"}],"version-history":[{"count":4,"href":"https:\/\/florestan.org.br\/transparencia\/wp-json\/wp\/v2\/pages\/86\/revisions"}],"predecessor-version":[{"id":678,"href":"https:\/\/florestan.org.br\/transparencia\/wp-json\/wp\/v2\/pages\/86\/revisions\/678"}],"up":[{"embeddable":true,"href":"https:\/\/florestan.org.br\/transparencia\/wp-json\/wp\/v2\/pages\/34"}],"wp:attachment":[{"href":"https:\/\/florestan.org.br\/transparencia\/wp-json\/wp\/v2\/media?parent=86"}],"curies":[{"name":"wp","href":"https:\/\/api.w.org\/{rel}","templated":true}]}}